{"id":1244,"date":"2024-05-14T06:58:31","date_gmt":"2024-05-14T06:58:31","guid":{"rendered":"https:\/\/fisioterapiamireiavidal.com\/?page_id=1244"},"modified":"2024-08-13T17:00:46","modified_gmt":"2024-08-13T17:00:46","slug":"politica-de-privacitat","status":"publish","type":"page","link":"https:\/\/fisioterapiamireiavidal.com\/ca\/politica-de-privacitat\/","title":{"rendered":"Pol\u00edtica de privacitat"},"content":{"rendered":"<div>\n<div class=\"uk-margin-medium\">\n<ul>\n<li>Responsable del tratament de dades <strong>MIREIA VIDAL NU\u00d1EZ<\/strong><br \/>\nNIF: 44983010R<\/li>\n<li>Domicili: <strong>C\/ JOSEP ANSELM CLAVE 66<\/strong><\/li>\n<li>Poblaci\u00f3: <strong>08211 CASTELLAR DEL VALLES<\/strong><\/li>\n<li>Tel\u00e9fon<strong>\u00a093 714 69 21<\/strong><\/li>\n<li>E-mail <a href=\"mailto:info@fisioterapiamireiavidal.com\"><span class=\"header-title username\">info@fisioterapiamireiavidal.com<\/span><\/a><\/li>\n<li>Finalitat \u2013 Gesti\u00f3n de los servicios contratados.<br \/>\nTractamiento con la finalidad comercial, envio de ofertas, informaci\u00f3n y propuestas comerciales.<\/li>\n<li>Legitimaci\u00f3n Consentimiento del interesado, a excepci\u00f3n de determinados supuestos en el cual existen inter\u00e9s leg\u00edtimo.<\/li>\n<li>Destinatario seves datos seran tractados exclusivamente por MIREIA VIDAL NU\u00d1EZ \u00a0, a excepci\u00f3n de aquellos casos en los cuales la comunicaci\u00f3n de sus datos a terceros sean necesaria por poder rellenar la finalidad directamente relacionada con el servici\u00f3 contratado.<\/li>\n<li>Conservaci\u00f3n de los datos hasta la finalizaci\u00f3n del servicio o exista obligaci\u00f3n legal.<\/li>\n<li>Derechos Acceder, rectificar y suprimir los datos datos, as\u00ed como otros derechos, como se explica en la informaci\u00f3n adicional. Presentar una reclamaci\u00f3n delante la Autoridad de Control.<\/li>\n<\/ul>\n<\/div>\n<\/div>\n<p><!--more--><\/p>\n","protected":false},"excerpt":{"rendered":"<p>Responsable del tratament de dades MIREIA VIDAL NU\u00d1EZ NIF: 44983010R Domicili: C\/ JOSEP ANSELM CLAVE 66 Poblaci\u00f3: 08211 CASTELLAR DEL VALLES Tel\u00e9fon\u00a093 714 69 21 E-mail info@fisioterapiamireiavidal.com Finalitat \u2013 Gesti\u00f3n de los servicios contratados. Tractamiento con la finalidad comercial, envio de ofertas, informaci\u00f3n y propuestas comerciales. Legitimaci\u00f3n Consentimiento del interesado, a excepci\u00f3n de determinados supuestos [&hellip;]<\/p>\n","protected":false},"author":1,"featured_media":0,"parent":0,"menu_order":0,"comment_status":"closed","ping_status":"closed","template":"","meta":{"footnotes":""},"class_list":["post-1244","page","type-page","status-publish","hentry"],"yoast_head":"<!-- This site is optimized with the Yoast SEO plugin v26.1.1 - https:\/\/yoast.com\/wordpress\/plugins\/seo\/ -->\n<title>Pol\u00edtica de privacitat - Fisioter\u00e0pia Mireia Vidal<\/title>\n<meta name=\"robots\" content=\"index, follow, max-snippet:-1, max-image-preview:large, max-video-preview:-1\" \/>\n<link rel=\"canonical\" href=\"https:\/\/fisioterapiamireiavidal.com\/ca\/politica-de-privacitat\/\" \/>\n<meta property=\"og:locale\" content=\"ca_ES\" \/>\n<meta property=\"og:type\" content=\"article\" \/>\n<meta property=\"og:title\" content=\"Pol\u00edtica de privacitat - Fisioter\u00e0pia Mireia Vidal\" \/>\n<meta property=\"og:description\" content=\"Responsable del tratament de dades MIREIA VIDAL NU\u00d1EZ NIF: 44983010R Domicili: C\/ JOSEP ANSELM CLAVE 66 Poblaci\u00f3: 08211 CASTELLAR DEL VALLES Tel\u00e9fon\u00a093 714 69 21 E-mail info@fisioterapiamireiavidal.com Finalitat \u2013 Gesti\u00f3n de los servicios contratados. Tractamiento con la finalidad comercial, envio de ofertas, informaci\u00f3n y propuestas comerciales. Legitimaci\u00f3n Consentimiento del interesado, a excepci\u00f3n de determinados supuestos [&hellip;]\" \/>\n<meta property=\"og:url\" content=\"https:\/\/fisioterapiamireiavidal.com\/ca\/politica-de-privacitat\/\" \/>\n<meta property=\"og:site_name\" content=\"Fisioter\u00e0pia Mireia Vidal\" \/>\n<meta property=\"article:modified_time\" content=\"2024-08-13T17:00:46+00:00\" \/>\n<meta name=\"twitter:card\" content=\"summary_large_image\" \/>\n<meta name=\"twitter:label1\" content=\"Temps estimat de lectura\" \/>\n\t<meta name=\"twitter:data1\" content=\"1 minut\" \/>\n<script type=\"application\/ld+json\" class=\"yoast-schema-graph\">{\"@context\":\"https:\/\/schema.org\",\"@graph\":[{\"@type\":\"WebPage\",\"@id\":\"https:\/\/fisioterapiamireiavidal.com\/ca\/politica-de-privacitat\/\",\"url\":\"https:\/\/fisioterapiamireiavidal.com\/ca\/politica-de-privacitat\/\",\"name\":\"Pol\u00edtica de privacitat - Fisioter\u00e0pia Mireia Vidal\",\"isPartOf\":{\"@id\":\"https:\/\/fisioterapiamireiavidal.com\/ca\/#website\"},\"datePublished\":\"2024-05-14T06:58:31+00:00\",\"dateModified\":\"2024-08-13T17:00:46+00:00\",\"breadcrumb\":{\"@id\":\"https:\/\/fisioterapiamireiavidal.com\/ca\/politica-de-privacitat\/#breadcrumb\"},\"inLanguage\":\"ca\",\"potentialAction\":[{\"@type\":\"ReadAction\",\"target\":[\"https:\/\/fisioterapiamireiavidal.com\/ca\/politica-de-privacitat\/\"]}]},{\"@type\":\"BreadcrumbList\",\"@id\":\"https:\/\/fisioterapiamireiavidal.com\/ca\/politica-de-privacitat\/#breadcrumb\",\"itemListElement\":[{\"@type\":\"ListItem\",\"position\":1,\"name\":\"Inici\",\"item\":\"https:\/\/fisioterapiamireiavidal.com\/ca\/\"},{\"@type\":\"ListItem\",\"position\":2,\"name\":\"Pol\u00edtica de privacitat\"}]},{\"@type\":\"WebSite\",\"@id\":\"https:\/\/fisioterapiamireiavidal.com\/ca\/#website\",\"url\":\"https:\/\/fisioterapiamireiavidal.com\/ca\/\",\"name\":\"Fisioter\u00e0pia Mireia Vidal\",\"description\":\"Oferim tractaments personalitzats, ideats i duts a terme per fisioterapeutes col\u2022legiats.\",\"publisher\":{\"@id\":\"https:\/\/fisioterapiamireiavidal.com\/ca\/#organization\"},\"potentialAction\":[{\"@type\":\"SearchAction\",\"target\":{\"@type\":\"EntryPoint\",\"urlTemplate\":\"https:\/\/fisioterapiamireiavidal.com\/ca\/?s={search_term_string}\"},\"query-input\":{\"@type\":\"PropertyValueSpecification\",\"valueRequired\":true,\"valueName\":\"search_term_string\"}}],\"inLanguage\":\"ca\"},{\"@type\":\"Organization\",\"@id\":\"https:\/\/fisioterapiamireiavidal.com\/ca\/#organization\",\"name\":\"Fisioter\u00e0pia Mireia Vidal\",\"url\":\"https:\/\/fisioterapiamireiavidal.com\/ca\/\",\"logo\":{\"@type\":\"ImageObject\",\"inLanguage\":\"ca\",\"@id\":\"https:\/\/fisioterapiamireiavidal.com\/ca\/#\/schema\/logo\/image\/\",\"url\":\"https:\/\/fisioterapiamireiavidal.com\/wp-content\/uploads\/2024\/05\/logo_mireiavidal_vertical.svg\",\"contentUrl\":\"https:\/\/fisioterapiamireiavidal.com\/wp-content\/uploads\/2024\/05\/logo_mireiavidal_vertical.svg\",\"width\":1,\"height\":1,\"caption\":\"Fisioter\u00e0pia Mireia Vidal\"},\"image\":{\"@id\":\"https:\/\/fisioterapiamireiavidal.com\/ca\/#\/schema\/logo\/image\/\"}}]}<\/script>\n<!-- \/ Yoast SEO plugin. -->","yoast_head_json":{"title":"Pol\u00edtica de privacitat - Fisioter\u00e0pia Mireia Vidal","robots":{"index":"index","follow":"follow","max-snippet":"max-snippet:-1","max-image-preview":"max-image-preview:large","max-video-preview":"max-video-preview:-1"},"canonical":"https:\/\/fisioterapiamireiavidal.com\/ca\/politica-de-privacitat\/","og_locale":"ca_ES","og_type":"article","og_title":"Pol\u00edtica de privacitat - Fisioter\u00e0pia Mireia Vidal","og_description":"Responsable del tratament de dades MIREIA VIDAL NU\u00d1EZ NIF: 44983010R Domicili: C\/ JOSEP ANSELM CLAVE 66 Poblaci\u00f3: 08211 CASTELLAR DEL VALLES Tel\u00e9fon\u00a093 714 69 21 E-mail info@fisioterapiamireiavidal.com Finalitat \u2013 Gesti\u00f3n de los servicios contratados. Tractamiento con la finalidad comercial, envio de ofertas, informaci\u00f3n y propuestas comerciales. Legitimaci\u00f3n Consentimiento del interesado, a excepci\u00f3n de determinados supuestos [&hellip;]","og_url":"https:\/\/fisioterapiamireiavidal.com\/ca\/politica-de-privacitat\/","og_site_name":"Fisioter\u00e0pia Mireia Vidal","article_modified_time":"2024-08-13T17:00:46+00:00","twitter_card":"summary_large_image","twitter_misc":{"Temps estimat de lectura":"1 minut"},"schema":{"@context":"https:\/\/schema.org","@graph":[{"@type":"WebPage","@id":"https:\/\/fisioterapiamireiavidal.com\/ca\/politica-de-privacitat\/","url":"https:\/\/fisioterapiamireiavidal.com\/ca\/politica-de-privacitat\/","name":"Pol\u00edtica de privacitat - Fisioter\u00e0pia Mireia Vidal","isPartOf":{"@id":"https:\/\/fisioterapiamireiavidal.com\/ca\/#website"},"datePublished":"2024-05-14T06:58:31+00:00","dateModified":"2024-08-13T17:00:46+00:00","breadcrumb":{"@id":"https:\/\/fisioterapiamireiavidal.com\/ca\/politica-de-privacitat\/#breadcrumb"},"inLanguage":"ca","potentialAction":[{"@type":"ReadAction","target":["https:\/\/fisioterapiamireiavidal.com\/ca\/politica-de-privacitat\/"]}]},{"@type":"BreadcrumbList","@id":"https:\/\/fisioterapiamireiavidal.com\/ca\/politica-de-privacitat\/#breadcrumb","itemListElement":[{"@type":"ListItem","position":1,"name":"Inici","item":"https:\/\/fisioterapiamireiavidal.com\/ca\/"},{"@type":"ListItem","position":2,"name":"Pol\u00edtica de privacitat"}]},{"@type":"WebSite","@id":"https:\/\/fisioterapiamireiavidal.com\/ca\/#website","url":"https:\/\/fisioterapiamireiavidal.com\/ca\/","name":"Fisioter\u00e0pia Mireia Vidal","description":"Oferim tractaments personalitzats, ideats i duts a terme per fisioterapeutes col\u2022legiats.","publisher":{"@id":"https:\/\/fisioterapiamireiavidal.com\/ca\/#organization"},"potentialAction":[{"@type":"SearchAction","target":{"@type":"EntryPoint","urlTemplate":"https:\/\/fisioterapiamireiavidal.com\/ca\/?s={search_term_string}"},"query-input":{"@type":"PropertyValueSpecification","valueRequired":true,"valueName":"search_term_string"}}],"inLanguage":"ca"},{"@type":"Organization","@id":"https:\/\/fisioterapiamireiavidal.com\/ca\/#organization","name":"Fisioter\u00e0pia Mireia Vidal","url":"https:\/\/fisioterapiamireiavidal.com\/ca\/","logo":{"@type":"ImageObject","inLanguage":"ca","@id":"https:\/\/fisioterapiamireiavidal.com\/ca\/#\/schema\/logo\/image\/","url":"https:\/\/fisioterapiamireiavidal.com\/wp-content\/uploads\/2024\/05\/logo_mireiavidal_vertical.svg","contentUrl":"https:\/\/fisioterapiamireiavidal.com\/wp-content\/uploads\/2024\/05\/logo_mireiavidal_vertical.svg","width":1,"height":1,"caption":"Fisioter\u00e0pia Mireia Vidal"},"image":{"@id":"https:\/\/fisioterapiamireiavidal.com\/ca\/#\/schema\/logo\/image\/"}}]}},"_links":{"self":[{"href":"https:\/\/fisioterapiamireiavidal.com\/ca\/wp-json\/wp\/v2\/pages\/1244","targetHints":{"allow":["GET"]}}],"collection":[{"href":"https:\/\/fisioterapiamireiavidal.com\/ca\/wp-json\/wp\/v2\/pages"}],"about":[{"href":"https:\/\/fisioterapiamireiavidal.com\/ca\/wp-json\/wp\/v2\/types\/page"}],"author":[{"embeddable":true,"href":"https:\/\/fisioterapiamireiavidal.com\/ca\/wp-json\/wp\/v2\/users\/1"}],"replies":[{"embeddable":true,"href":"https:\/\/fisioterapiamireiavidal.com\/ca\/wp-json\/wp\/v2\/comments?post=1244"}],"version-history":[{"count":5,"href":"https:\/\/fisioterapiamireiavidal.com\/ca\/wp-json\/wp\/v2\/pages\/1244\/revisions"}],"predecessor-version":[{"id":1884,"href":"https:\/\/fisioterapiamireiavidal.com\/ca\/wp-json\/wp\/v2\/pages\/1244\/revisions\/1884"}],"wp:attachment":[{"href":"https:\/\/fisioterapiamireiavidal.com\/ca\/wp-json\/wp\/v2\/media?parent=1244"}],"curies":[{"name":"wp","href":"https:\/\/api.w.org\/{rel}","templated":true}]}}