{"id":1192,"date":"2024-05-13T13:22:49","date_gmt":"2024-05-13T13:22:49","guid":{"rendered":"https:\/\/fisioterapiamireiavidal.com\/?page_id=1192"},"modified":"2024-06-28T17:45:53","modified_gmt":"2024-06-28T17:45:53","slug":"fisioestetica","status":"publish","type":"page","link":"https:\/\/fisioterapiamireiavidal.com\/ca\/que-utilitzem\/fisioestetica\/","title":{"rendered":"Fisioest\u00e8tica"},"content":{"rendered":"<h1>Fisioest\u00e8tica<\/h1>\n<div>Act\u00faa reequilibrant el metabolisme cel.lular<\/div>\n<div>INDIBA\u00ae activ en Fisioest\u00e8tica act\u00faa reequilibrant el metabolisme cel.lular obtenint teixits m\u00e9s compactes i aspecte m\u00e9s jove. Millora la microcirculaci\u00f3, disminueix l&#8217;edema i volum, reduix teixit adip\u00f3s i la flacidesa de la pell. El seu \u00fas continuat permet mantenir els efectes de la cirurgia i prevenir o retrasar futures reintervencions. <\/div>\n<blockquote>\n<p>    \u201cLa musica \u00e9s per a l&#8217;\u00e0nima, el que el moviment \u00e9s per al cos.\u201d<\/p>\n<footer>\n<p>                <cite>Plat\u00f3.<\/cite><\/p>\n<\/footer>\n<\/blockquote>\n<p><img decoding=\"async\" src=\"\/wp-content\/uploads\/2024\/05\/fisioestetica1.jpg\" alt=\"La fisioterapeuta Mireia Vidal aplicant el tractament de Fisioest\u00e8tica a un home.\"><\/p>\n<h2>Indicacions<\/h2>\n<h3>CELUL.LITIS<\/h3>\n<div>Edematosa, Fibrosa, Adiposa <\/div>\n<h3>PRE I POST-CIRUGIA<\/h3>\n<div>Drenatge d&#8217;edemes, Reabsorci\u00f3 d&#8217;hematomes, Cicatrizaci\u00f3, Lifting<\/div>\n<h3>REAFIRMACI\u00d3<\/h3>\n<div>\n<p>Flacidesa cut\u00e0nea, Lifting Els tractaments m\u00e9s destacats s\u00f3n: glutis, cames, abdomen, postliposucci\u00f3 i postpart.<\/p>\n<\/div>\n<h2>Tractament<\/h2>\n<ul>\n<li>\n<div>Tractament 45&#8242;: Indiba+massatge\/drenatge\/ventoses <\/div>\n<\/li>\n<li>\n<div>\n<p>Sessions soltes o abonaments amb descompte\u00a0 5 sessions+1 gratis.<\/p>\n<\/div>\n<\/li>\n<\/ul>\n<hr>\n<p><!--more--><br \/>\n<!-- {\"type\":\"layout\",\"children\":[{\"name\":\"About\",\"type\":\"section\",\"props\":{\"image_effect\":\"parallax\",\"image_parallax_bgx\":\"80,80\",\"image_parallax_easing\":\"1\",\"image_position\":\"bottom-right\",\"image_width\":\"350\",\"padding_remove_bottom\":true,\"style\":\"default\",\"title_breakpoint\":\"xl\",\"title_position\":\"center-right\",\"title_rotation\":\"left\",\"vertical_align\":\"middle\",\"width\":\"default\"},\"children\":[{\"type\":\"row\",\"props\":{\"column_gap\":\"small\",\"layout\":\"1-2,1-2\",\"match\":false,\"row_gap\":\"small\",\"vertical_align\":false},\"children\":[{\"type\":\"column\",\"props\":{\"image_position\":\"center-center\",\"position_sticky_breakpoint\":\"m\",\"width_medium\":\"1-2\"},\"children\":[{\"type\":\"headline\",\"props\":{\"content\":\"Fisioest\\u00e8tica\",\"title_color\":\"primary\",\"title_decoration\":\"line\",\"title_element\":\"h1\",\"title_style\":\"heading-small\"}},{\"type\":\"headline\",\"props\":{\"content\":\"Act\\u00faa reequilibrant el metabolisme cel.lular\",\"margin\":\"remove-vertical\",\"title_decoration\":\"bullet\",\"title_element\":\"div\",\"title_style\":\"text-meta\"}},{\"type\":\"text\",\"props\":{\"column_breakpoint\":\"m\",\"content\":\"INDIBA\\u00ae activ en Fisioest\\u00e8tica act\\u00faa reequilibrant el metabolisme cel.lular obtenint teixits m\\u00e9s compactes i aspecte m\\u00e9s jove. Millora la microcirculaci\\u00f3, disminueix l'edema i volum, reduix teixit adip\\u00f3s i la flacidesa de la pell. El seu \\u00fas continuat permet mantenir els efectes de la cirurgia i prevenir o retrasar futures reintervencions. \",\"margin\":\"large\",\"maxwidth\":\"xlarge\"}},{\"type\":\"quotation\",\"props\":{\"author\":\"Plat\\u00f3.\",\"content\":\"\\u201cLa musica \\u00e9s per a l'\\u00e0nima, el que el moviment \\u00e9s per al cos.\\u201d\",\"margin_remove_top\":false,\"maxwidth\":\"large\"}}]},{\"type\":\"column\",\"props\":{\"image\":\"wp-content\\\/uploads\\\/pattern.svg\",\"image_effect\":\"parallax\",\"image_parallax_bgy\":\"-60,-50\",\"image_parallax_easing\":\"1\",\"image_position\":\"bottom-left\",\"image_width\":\"350\",\"media_visibility\":\"m\",\"position_sticky_breakpoint\":\"m\",\"width_medium\":\"1-2\"},\"children\":[{\"type\":\"image\",\"props\":{\"animation\":\"parallax\",\"image\":\"wp-content\\\/uploads\\\/2024\\\/05\\\/fisioestetica1.jpg\",\"image_alt\":\"La fisioterapeuta Mireia Vidal aplicant el tractament de Fisioest\\u00e8tica a un home.\",\"image_height\":609,\"image_svg_color\":\"emphasis\",\"image_width\":\"420\",\"margin\":\"\",\"parallax_breakpoint\":\"m\",\"parallax_easing\":\"1\",\"parallax_y\":\"-70,0\",\"text_align\":\"right\",\"text_align_breakpoint\":\"m\"}}]}]}]},{\"name\":\"CV\",\"type\":\"section\",\"props\":{\"image_position\":\"center-center\",\"padding\":\"small\",\"style\":\"default\",\"title_breakpoint\":\"xl\",\"title_position\":\"top-left\",\"title_rotation\":\"left\",\"vertical_align\":\"middle\",\"width\":\"default\"},\"children\":[{\"type\":\"row\",\"props\":{\"margin\":\"large\"},\"children\":[{\"type\":\"column\",\"props\":{\"image_position\":\"center-center\",\"position_sticky_breakpoint\":\"m\",\"width_medium\":\"1-1\"}}]},{\"type\":\"row\",\"props\":{\"layout\":\"1-2,1-2\",\"margin\":\"large\"},\"children\":[{\"type\":\"column\",\"props\":{\"image_position\":\"center-center\",\"position_sticky_breakpoint\":\"m\",\"width_medium\":\"1-2\"},\"children\":[{\"type\":\"headline\",\"props\":{\"content\":\"Indicacions\",\"margin\":\"medium\",\"title_color\":\"primary\",\"title_element\":\"h2\",\"title_style\":\"h3\"}},{\"type\":\"headline\",\"props\":{\"content\":\"CELUL.LITIS\",\"margin\":\"remove-vertical\",\"title_decoration\":\"bullet\",\"title_element\":\"h3\",\"title_style\":\"h5\"}},{\"type\":\"text\",\"props\":{\"column_breakpoint\":\"m\",\"content\":\"Edematosa, Fibrosa, Adiposa \",\"margin\":\"default\",\"maxwidth\":\"xlarge\"}},{\"type\":\"headline\",\"props\":{\"content\":\"PRE I POST-CIRUGIA\",\"margin\":\"medium\",\"margin_remove_bottom\":true,\"title_decoration\":\"bullet\",\"title_element\":\"h3\",\"title_style\":\"h5\"}},{\"type\":\"text\",\"props\":{\"column_breakpoint\":\"m\",\"content\":\"Drenatge d'edemes, Reabsorci\\u00f3 d'hematomes, Cicatrizaci\\u00f3, Lifting\",\"margin\":\"default\",\"maxwidth\":\"xlarge\"}},{\"type\":\"headline\",\"props\":{\"content\":\"REAFIRMACI\\u00d3\",\"margin\":\"medium\",\"margin_remove_bottom\":true,\"title_decoration\":\"bullet\",\"title_element\":\"h3\",\"title_style\":\"h5\"}},{\"type\":\"text\",\"props\":{\"column_breakpoint\":\"m\",\"content\":\"\n\n<p>Flacidesa cut\\u00e0nea, Lifting Els tractaments m\\u00e9s destacats s\\u00f3n: glutis, cames, abdomen, postliposucci\\u00f3 i postpart.<\\\/p>\",\"margin\":\"default\",\"maxwidth\":\"xlarge\"}}]},{\"type\":\"column\",\"props\":{\"image_position\":\"center-center\",\"position_sticky_breakpoint\":\"m\",\"width_medium\":\"1-2\"},\"children\":[{\"type\":\"headline\",\"props\":{\"content\":\"Tractament\",\"margin\":\"medium\",\"title_element\":\"h2\",\"title_style\":\"h3\"}},{\"type\":\"list\",\"props\":{\"column_breakpoint\":\"m\",\"image_align\":\"left\",\"image_svg_color\":\"emphasis\",\"image_vertical_align\":true,\"list_element\":\"ul\",\"list_horizontal_separator\":\", \",\"list_marker\":\"bullet\",\"list_type\":\"vertical\",\"show_image\":true,\"show_link\":true},\"children\":[{\"type\":\"list_item\",\"props\":{\"content\":\"Tractament 45': Indiba+massatge\\\/drenatge\\\/ventoses \"}},{\"type\":\"list_item\",\"props\":{\"content\":\"\n\n<p>Sessions soltes o abonaments amb descompte\\u00a0 5 sessions+1 gratis.<\\\/p>\"}}]}]}]},{\"type\":\"row\",\"children\":[{\"type\":\"column\",\"props\":{\"image_position\":\"center-center\",\"position_sticky_breakpoint\":\"m\"},\"children\":[{\"type\":\"divider\",\"props\":{\"divider_element\":\"hr\",\"divider_style\":\"icon\"}}]}]}]}],\"version\":\"4.3.13\"} --><\/p>\n","protected":false},"excerpt":{"rendered":"<p>Fisioest\u00e8tica Act\u00faa reequilibrant el metabolisme cel.lular INDIBA\u00ae activ en Fisioest\u00e8tica act\u00faa reequilibrant el metabolisme cel.lular obtenint teixits m\u00e9s compactes i aspecte m\u00e9s jove. Millora la microcirculaci\u00f3, disminueix l&#8217;edema i volum, reduix teixit adip\u00f3s i la flacidesa de la pell. El seu \u00fas continuat permet mantenir els efectes de la cirurgia i prevenir o retrasar futures [&hellip;]<\/p>\n","protected":false},"author":1,"featured_media":1217,"parent":1095,"menu_order":0,"comment_status":"closed","ping_status":"closed","template":"","meta":{"footnotes":""},"class_list":["post-1192","page","type-page","status-publish","has-post-thumbnail","hentry"],"yoast_head":"<!-- This site is optimized with the Yoast SEO plugin v26.1.1 - https:\/\/yoast.com\/wordpress\/plugins\/seo\/ -->\n<title>Fisioest\u00e8tica - Fisioter\u00e0pia Mireia Vidal<\/title>\n<meta name=\"robots\" content=\"index, follow, max-snippet:-1, max-image-preview:large, max-video-preview:-1\" \/>\n<link rel=\"canonical\" href=\"https:\/\/fisioterapiamireiavidal.com\/ca\/que-utilitzem\/fisioestetica\/\" \/>\n<meta property=\"og:locale\" content=\"ca_ES\" \/>\n<meta property=\"og:type\" content=\"article\" \/>\n<meta property=\"og:title\" content=\"Fisioest\u00e8tica - Fisioter\u00e0pia Mireia Vidal\" \/>\n<meta property=\"og:description\" content=\"Fisioest\u00e8tica Act\u00faa reequilibrant el metabolisme cel.lular INDIBA\u00ae activ en Fisioest\u00e8tica act\u00faa reequilibrant el metabolisme cel.lular obtenint teixits m\u00e9s compactes i aspecte m\u00e9s jove. Millora la microcirculaci\u00f3, disminueix l&#8217;edema i volum, reduix teixit adip\u00f3s i la flacidesa de la pell. El seu \u00fas continuat permet mantenir els efectes de la cirurgia i prevenir o retrasar futures [&hellip;]\" \/>\n<meta property=\"og:url\" content=\"https:\/\/fisioterapiamireiavidal.com\/ca\/que-utilitzem\/fisioestetica\/\" \/>\n<meta property=\"og:site_name\" content=\"Fisioter\u00e0pia Mireia Vidal\" \/>\n<meta property=\"article:modified_time\" content=\"2024-06-28T17:45:53+00:00\" \/>\n<meta property=\"og:image\" content=\"https:\/\/fisioterapiamireiavidal.com\/wp-content\/uploads\/2024\/05\/fisioestetica1.jpg\" \/>\n\t<meta property=\"og:image:width\" content=\"1200\" \/>\n\t<meta property=\"og:image:height\" content=\"798\" \/>\n\t<meta property=\"og:image:type\" content=\"image\/jpeg\" \/>\n<meta name=\"twitter:card\" content=\"summary_large_image\" \/>\n<meta name=\"twitter:label1\" content=\"Temps estimat de lectura\" \/>\n\t<meta name=\"twitter:data1\" content=\"1 minut\" \/>\n<script type=\"application\/ld+json\" class=\"yoast-schema-graph\">{\"@context\":\"https:\/\/schema.org\",\"@graph\":[{\"@type\":\"WebPage\",\"@id\":\"https:\/\/fisioterapiamireiavidal.com\/ca\/que-utilitzem\/fisioestetica\/\",\"url\":\"https:\/\/fisioterapiamireiavidal.com\/ca\/que-utilitzem\/fisioestetica\/\",\"name\":\"Fisioest\u00e8tica - Fisioter\u00e0pia Mireia Vidal\",\"isPartOf\":{\"@id\":\"https:\/\/fisioterapiamireiavidal.com\/ca\/#website\"},\"primaryImageOfPage\":{\"@id\":\"https:\/\/fisioterapiamireiavidal.com\/ca\/que-utilitzem\/fisioestetica\/#primaryimage\"},\"image\":{\"@id\":\"https:\/\/fisioterapiamireiavidal.com\/ca\/que-utilitzem\/fisioestetica\/#primaryimage\"},\"thumbnailUrl\":\"https:\/\/fisioterapiamireiavidal.com\/wp-content\/uploads\/2024\/05\/fisioestetica1.jpg\",\"datePublished\":\"2024-05-13T13:22:49+00:00\",\"dateModified\":\"2024-06-28T17:45:53+00:00\",\"breadcrumb\":{\"@id\":\"https:\/\/fisioterapiamireiavidal.com\/ca\/que-utilitzem\/fisioestetica\/#breadcrumb\"},\"inLanguage\":\"ca\",\"potentialAction\":[{\"@type\":\"ReadAction\",\"target\":[\"https:\/\/fisioterapiamireiavidal.com\/ca\/que-utilitzem\/fisioestetica\/\"]}]},{\"@type\":\"ImageObject\",\"inLanguage\":\"ca\",\"@id\":\"https:\/\/fisioterapiamireiavidal.com\/ca\/que-utilitzem\/fisioestetica\/#primaryimage\",\"url\":\"https:\/\/fisioterapiamireiavidal.com\/wp-content\/uploads\/2024\/05\/fisioestetica1.jpg\",\"contentUrl\":\"https:\/\/fisioterapiamireiavidal.com\/wp-content\/uploads\/2024\/05\/fisioestetica1.jpg\",\"width\":1200,\"height\":798,\"caption\":\"La fisioterapeuta Mireia Vidal aplicant el tractament de Fisioest\u00e8tica a un home.\"},{\"@type\":\"BreadcrumbList\",\"@id\":\"https:\/\/fisioterapiamireiavidal.com\/ca\/que-utilitzem\/fisioestetica\/#breadcrumb\",\"itemListElement\":[{\"@type\":\"ListItem\",\"position\":1,\"name\":\"Inici\",\"item\":\"https:\/\/fisioterapiamireiavidal.com\/ca\/\"},{\"@type\":\"ListItem\",\"position\":2,\"name\":\"Qu\u00e8 utilitzem\",\"item\":\"https:\/\/fisioterapiamireiavidal.com\/ca\/que-utilitzem\/\"},{\"@type\":\"ListItem\",\"position\":3,\"name\":\"Fisioest\u00e8tica\"}]},{\"@type\":\"WebSite\",\"@id\":\"https:\/\/fisioterapiamireiavidal.com\/ca\/#website\",\"url\":\"https:\/\/fisioterapiamireiavidal.com\/ca\/\",\"name\":\"Fisioter\u00e0pia Mireia Vidal\",\"description\":\"Oferim tractaments personalitzats, ideats i duts a terme per fisioterapeutes col\u2022legiats.\",\"publisher\":{\"@id\":\"https:\/\/fisioterapiamireiavidal.com\/ca\/#organization\"},\"potentialAction\":[{\"@type\":\"SearchAction\",\"target\":{\"@type\":\"EntryPoint\",\"urlTemplate\":\"https:\/\/fisioterapiamireiavidal.com\/ca\/?s={search_term_string}\"},\"query-input\":{\"@type\":\"PropertyValueSpecification\",\"valueRequired\":true,\"valueName\":\"search_term_string\"}}],\"inLanguage\":\"ca\"},{\"@type\":\"Organization\",\"@id\":\"https:\/\/fisioterapiamireiavidal.com\/ca\/#organization\",\"name\":\"Fisioter\u00e0pia Mireia Vidal\",\"url\":\"https:\/\/fisioterapiamireiavidal.com\/ca\/\",\"logo\":{\"@type\":\"ImageObject\",\"inLanguage\":\"ca\",\"@id\":\"https:\/\/fisioterapiamireiavidal.com\/ca\/#\/schema\/logo\/image\/\",\"url\":\"https:\/\/fisioterapiamireiavidal.com\/wp-content\/uploads\/2024\/05\/logo_mireiavidal_vertical.svg\",\"contentUrl\":\"https:\/\/fisioterapiamireiavidal.com\/wp-content\/uploads\/2024\/05\/logo_mireiavidal_vertical.svg\",\"width\":1,\"height\":1,\"caption\":\"Fisioter\u00e0pia Mireia Vidal\"},\"image\":{\"@id\":\"https:\/\/fisioterapiamireiavidal.com\/ca\/#\/schema\/logo\/image\/\"}}]}<\/script>\n<!-- \/ Yoast SEO plugin. -->","yoast_head_json":{"title":"Fisioest\u00e8tica - Fisioter\u00e0pia Mireia Vidal","robots":{"index":"index","follow":"follow","max-snippet":"max-snippet:-1","max-image-preview":"max-image-preview:large","max-video-preview":"max-video-preview:-1"},"canonical":"https:\/\/fisioterapiamireiavidal.com\/ca\/que-utilitzem\/fisioestetica\/","og_locale":"ca_ES","og_type":"article","og_title":"Fisioest\u00e8tica - Fisioter\u00e0pia Mireia Vidal","og_description":"Fisioest\u00e8tica Act\u00faa reequilibrant el metabolisme cel.lular INDIBA\u00ae activ en Fisioest\u00e8tica act\u00faa reequilibrant el metabolisme cel.lular obtenint teixits m\u00e9s compactes i aspecte m\u00e9s jove. Millora la microcirculaci\u00f3, disminueix l&#8217;edema i volum, reduix teixit adip\u00f3s i la flacidesa de la pell. El seu \u00fas continuat permet mantenir els efectes de la cirurgia i prevenir o retrasar futures [&hellip;]","og_url":"https:\/\/fisioterapiamireiavidal.com\/ca\/que-utilitzem\/fisioestetica\/","og_site_name":"Fisioter\u00e0pia Mireia Vidal","article_modified_time":"2024-06-28T17:45:53+00:00","og_image":[{"width":1200,"height":798,"url":"https:\/\/fisioterapiamireiavidal.com\/wp-content\/uploads\/2024\/05\/fisioestetica1.jpg","type":"image\/jpeg"}],"twitter_card":"summary_large_image","twitter_misc":{"Temps estimat de lectura":"1 minut"},"schema":{"@context":"https:\/\/schema.org","@graph":[{"@type":"WebPage","@id":"https:\/\/fisioterapiamireiavidal.com\/ca\/que-utilitzem\/fisioestetica\/","url":"https:\/\/fisioterapiamireiavidal.com\/ca\/que-utilitzem\/fisioestetica\/","name":"Fisioest\u00e8tica - Fisioter\u00e0pia Mireia Vidal","isPartOf":{"@id":"https:\/\/fisioterapiamireiavidal.com\/ca\/#website"},"primaryImageOfPage":{"@id":"https:\/\/fisioterapiamireiavidal.com\/ca\/que-utilitzem\/fisioestetica\/#primaryimage"},"image":{"@id":"https:\/\/fisioterapiamireiavidal.com\/ca\/que-utilitzem\/fisioestetica\/#primaryimage"},"thumbnailUrl":"https:\/\/fisioterapiamireiavidal.com\/wp-content\/uploads\/2024\/05\/fisioestetica1.jpg","datePublished":"2024-05-13T13:22:49+00:00","dateModified":"2024-06-28T17:45:53+00:00","breadcrumb":{"@id":"https:\/\/fisioterapiamireiavidal.com\/ca\/que-utilitzem\/fisioestetica\/#breadcrumb"},"inLanguage":"ca","potentialAction":[{"@type":"ReadAction","target":["https:\/\/fisioterapiamireiavidal.com\/ca\/que-utilitzem\/fisioestetica\/"]}]},{"@type":"ImageObject","inLanguage":"ca","@id":"https:\/\/fisioterapiamireiavidal.com\/ca\/que-utilitzem\/fisioestetica\/#primaryimage","url":"https:\/\/fisioterapiamireiavidal.com\/wp-content\/uploads\/2024\/05\/fisioestetica1.jpg","contentUrl":"https:\/\/fisioterapiamireiavidal.com\/wp-content\/uploads\/2024\/05\/fisioestetica1.jpg","width":1200,"height":798,"caption":"La fisioterapeuta Mireia Vidal aplicant el tractament de Fisioest\u00e8tica a un home."},{"@type":"BreadcrumbList","@id":"https:\/\/fisioterapiamireiavidal.com\/ca\/que-utilitzem\/fisioestetica\/#breadcrumb","itemListElement":[{"@type":"ListItem","position":1,"name":"Inici","item":"https:\/\/fisioterapiamireiavidal.com\/ca\/"},{"@type":"ListItem","position":2,"name":"Qu\u00e8 utilitzem","item":"https:\/\/fisioterapiamireiavidal.com\/ca\/que-utilitzem\/"},{"@type":"ListItem","position":3,"name":"Fisioest\u00e8tica"}]},{"@type":"WebSite","@id":"https:\/\/fisioterapiamireiavidal.com\/ca\/#website","url":"https:\/\/fisioterapiamireiavidal.com\/ca\/","name":"Fisioter\u00e0pia Mireia Vidal","description":"Oferim tractaments personalitzats, ideats i duts a terme per fisioterapeutes col\u2022legiats.","publisher":{"@id":"https:\/\/fisioterapiamireiavidal.com\/ca\/#organization"},"potentialAction":[{"@type":"SearchAction","target":{"@type":"EntryPoint","urlTemplate":"https:\/\/fisioterapiamireiavidal.com\/ca\/?s={search_term_string}"},"query-input":{"@type":"PropertyValueSpecification","valueRequired":true,"valueName":"search_term_string"}}],"inLanguage":"ca"},{"@type":"Organization","@id":"https:\/\/fisioterapiamireiavidal.com\/ca\/#organization","name":"Fisioter\u00e0pia Mireia Vidal","url":"https:\/\/fisioterapiamireiavidal.com\/ca\/","logo":{"@type":"ImageObject","inLanguage":"ca","@id":"https:\/\/fisioterapiamireiavidal.com\/ca\/#\/schema\/logo\/image\/","url":"https:\/\/fisioterapiamireiavidal.com\/wp-content\/uploads\/2024\/05\/logo_mireiavidal_vertical.svg","contentUrl":"https:\/\/fisioterapiamireiavidal.com\/wp-content\/uploads\/2024\/05\/logo_mireiavidal_vertical.svg","width":1,"height":1,"caption":"Fisioter\u00e0pia Mireia Vidal"},"image":{"@id":"https:\/\/fisioterapiamireiavidal.com\/ca\/#\/schema\/logo\/image\/"}}]}},"_links":{"self":[{"href":"https:\/\/fisioterapiamireiavidal.com\/ca\/wp-json\/wp\/v2\/pages\/1192","targetHints":{"allow":["GET"]}}],"collection":[{"href":"https:\/\/fisioterapiamireiavidal.com\/ca\/wp-json\/wp\/v2\/pages"}],"about":[{"href":"https:\/\/fisioterapiamireiavidal.com\/ca\/wp-json\/wp\/v2\/types\/page"}],"author":[{"embeddable":true,"href":"https:\/\/fisioterapiamireiavidal.com\/ca\/wp-json\/wp\/v2\/users\/1"}],"replies":[{"embeddable":true,"href":"https:\/\/fisioterapiamireiavidal.com\/ca\/wp-json\/wp\/v2\/comments?post=1192"}],"version-history":[{"count":23,"href":"https:\/\/fisioterapiamireiavidal.com\/ca\/wp-json\/wp\/v2\/pages\/1192\/revisions"}],"predecessor-version":[{"id":1691,"href":"https:\/\/fisioterapiamireiavidal.com\/ca\/wp-json\/wp\/v2\/pages\/1192\/revisions\/1691"}],"up":[{"embeddable":true,"href":"https:\/\/fisioterapiamireiavidal.com\/ca\/wp-json\/wp\/v2\/pages\/1095"}],"wp:featuredmedia":[{"embeddable":true,"href":"https:\/\/fisioterapiamireiavidal.com\/ca\/wp-json\/wp\/v2\/media\/1217"}],"wp:attachment":[{"href":"https:\/\/fisioterapiamireiavidal.com\/ca\/wp-json\/wp\/v2\/media?parent=1192"}],"curies":[{"name":"wp","href":"https:\/\/api.w.org\/{rel}","templated":true}]}}