{"id":1190,"date":"2024-05-13T13:22:27","date_gmt":"2024-05-13T13:22:27","guid":{"rendered":"https:\/\/fisioterapiamireiavidal.com\/?page_id=1190"},"modified":"2024-08-16T11:45:02","modified_gmt":"2024-08-16T11:45:02","slug":"metode-mezieres","status":"publish","type":"page","link":"https:\/\/fisioterapiamireiavidal.com\/ca\/que-utilitzem\/metode-mezieres\/","title":{"rendered":"M\u00e8tode Mezieres"},"content":{"rendered":"<h1>M\u00e8tode MEZIERES<\/h1>\n<div><span>Inventat en la d\u00e8cada de 1950, ofereix el tractament i el manteniment de la postura treballant l&#8217;estirament de les cadenes musculars.<\/span><\/div>\n<div>\n<p><span><strong>Els postures globals<\/strong>: Es realitzen estiraments actius globals de les cadenes musculars, que milloren l&#8217;elasticitat i tonifiquen els m\u00fasculs atrofiats, adaptats a cada persona.<\/span><\/p>\n<p><span><strong>La consci\u00e8ncia corporal:<\/strong> Gr\u00e0cies a t\u00e8cniques i exercicis de sensibilitzaci\u00f3, aconseguim que la persona conegui millor el seu cos, millorant l&#8217;esquema corporal.<\/span><\/p>\n<p><strong>Els\u00a0terapies<\/strong><span><strong>\u00a0manual:<\/strong> Durant el tractament s&#8217;utilitzen t\u00e8cniques de massatge sobre els m\u00fasculs i t\u00e8cniques articulars suaus, que permeten integrar les articulacions en la reeducaci\u00f3 global.<\/span><\/p>\n<p><strong>Els\u00a0moviments<\/strong><span><strong>\u00a0i el ritme:<\/strong> Amb una postura harmoniosa i exercicis que respecten el moviment natural del cos, aconseguim retornar els ritmes i equilibri corporals.<\/span><\/p>\n<\/div>\n<blockquote>\n<p><span>\u201cLa forma perfecta \u00e9s la forma normal del cos, la que qualsevol cos hauria de tenir si no estigu\u00e9s deformat per l&#8217;exc\u00e9s de tensi\u00f3 de les cadenes musculars, especialment de la cadena muscular posterior\u201d<\/span><\/p>\n<footer>\n<p>                <cite>Fran\u00e7oise M\u00e9zi\u00e8res<\/cite><\/p>\n<\/footer>\n<\/blockquote>\n<p><img decoding=\"async\" src=\"\/wp-content\/uploads\/2024\/05\/mezieres.jpg\" alt=\"Fisioterapeuta aplicando el m\u00e9todo Mezieres\"><\/p>\n<h2>Indicaciones<\/h2>\n<ul>\n<li>\n<div>\n<p>Dolores y lesiones de la columna vertebral y de las extremidades: contracturas, artrosis, hernias discales, escoliosis, cifosi, ci\u00e1tica, lumbalgias&#8230;<\/p>\n<\/div>\n<\/li>\n<li>\n<div>\n<p>Muy beneficioso en trastornos relacionados con dolor cr\u00f3nico, fibromialgia\u2026<\/p>\n<\/div>\n<\/li>\n<li>\n<div>\n<p>Eficaz tambi\u00e9n en deportistas, bailarines y m\u00fasicos, sometidos a sobrecargas posturales y de movimiento.<\/p>\n<\/div>\n<\/li>\n<\/ul>\n<h2>Beneficios<\/h2>\n<ul>\n<li>\n<div>\n<p>Cuerpos flexible, espalda sana.<\/p>\n<\/div>\n<\/li>\n<li>\n<div>\n<p>Equilibra tu espalda y mejora tu rendimiento deportivo.<\/p>\n<\/div>\n<\/li>\n<li>\n<div>Postura equilibrada. <\/div>\n<\/li>\n<li>\n<div>\n<p>Recupera la armon\u00eda de la columna vertebral, la libertad de hombros y cabeza, realzando la belleza postural.<\/p>\n<\/div>\n<\/li>\n<li>\n<div>\n<p>Elimina las tensiones y el dolor.<\/p>\n<\/div>\n<\/li>\n<li>\n<div>\n<p>Elimina las contracturas y tensiones musculares abordando las causas que las provocan.<\/p>\n<\/div>\n<\/li>\n<li>\n<div>\n<p>Equilibra y relaja las cadenas musculares, mejorando el dolor cr\u00f3nico.<\/p>\n<\/div>\n<\/li>\n<\/ul>\n<hr>\n<p><!--more--><br \/>\n<!-- {\"type\":\"layout\",\"children\":[{\"name\":\"About\",\"type\":\"section\",\"props\":{\"image_effect\":\"parallax\",\"image_parallax_bgx\":\"80,80\",\"image_parallax_easing\":\"1\",\"image_position\":\"bottom-right\",\"image_width\":\"350\",\"padding_remove_bottom\":true,\"style\":\"default\",\"title_breakpoint\":\"xl\",\"title_position\":\"center-right\",\"title_rotation\":\"left\",\"vertical_align\":\"middle\",\"width\":\"default\"},\"children\":[{\"type\":\"row\",\"props\":{\"column_gap\":\"small\",\"layout\":\"1-2,1-2\",\"match\":false,\"row_gap\":\"small\",\"vertical_align\":false},\"children\":[{\"type\":\"column\",\"props\":{\"image_position\":\"center-center\",\"position_sticky_breakpoint\":\"m\",\"width_medium\":\"1-2\"},\"children\":[{\"type\":\"headline\",\"props\":{\"content\":\"M\\u00e8tode MEZIERES\",\"title_color\":\"primary\",\"title_decoration\":\"line\",\"title_element\":\"h1\",\"title_style\":\"heading-small\"}},{\"type\":\"headline\",\"props\":{\"content\":\"<span>Inventat en la d\\u00e8cada de 1950, ofereix el tractament i el manteniment de la postura treballant l'estirament de les cadenes musculars.<\\\/span>\",\"margin\":\"remove-vertical\",\"title_decoration\":\"bullet\",\"title_element\":\"div\",\"title_style\":\"text-meta\"}},{\"type\":\"text\",\"props\":{\"column_breakpoint\":\"m\",\"content\":\"\n\n<p><span><strong>Els postures globals<\\\/strong>: Es realitzen estiraments actius globals de les cadenes musculars, que milloren l'elasticitat i tonifiquen els m\\u00fasculs atrofiats, adaptats a cada persona.<\\\/span><br \\\/><br \\\/><span><strong>La consci\\u00e8ncia corporal:<\\\/strong> Gr\\u00e0cies a t\\u00e8cniques i exercicis de sensibilitzaci\\u00f3, aconseguim que la persona conegui millor el seu cos, millorant l'esquema corporal.<\\\/span><br \\\/><br \\\/><strong>Els\\u00a0terapies<\\\/strong><span><strong>\\u00a0manual:<\\\/strong> Durant el tractament s'utilitzen t\\u00e8cniques de massatge sobre els m\\u00fasculs i t\\u00e8cniques articulars suaus, que permeten integrar les articulacions en la reeducaci\\u00f3 global.<\\\/span><br \\\/><br \\\/><strong>Els\\u00a0moviments<\\\/strong><span><strong>\\u00a0i el ritme:<\\\/strong> Amb una postura harmoniosa i exercicis que respecten el moviment natural del cos, aconseguim retornar els ritmes i equilibri corporals.<\\\/span><\\\/p>\",\"margin\":\"large\",\"maxwidth\":\"xlarge\"}},{\"type\":\"quotation\",\"props\":{\"author\":\"Fran\\u00e7oise M\\u00e9zi\\u00e8res\",\"content\":\"\n\n<p><span>\\u201cLa forma perfecta \\u00e9s la forma normal del cos, la que qualsevol cos hauria de tenir si no estigu\\u00e9s deformat per l'exc\\u00e9s de tensi\\u00f3 de les cadenes musculars, especialment de la cadena muscular posterior\\u201d<\\\/span><\\\/p>\",\"margin_remove_top\":false}}]},{\"type\":\"column\",\"props\":{\"image\":\"wp-content\\\/uploads\\\/pattern.svg\",\"image_effect\":\"parallax\",\"image_parallax_bgy\":\"-60,-50\",\"image_parallax_easing\":\"1\",\"image_position\":\"bottom-left\",\"image_width\":\"350\",\"media_visibility\":\"m\",\"position_sticky_breakpoint\":\"m\",\"width_medium\":\"1-2\"},\"children\":[{\"type\":\"image\",\"props\":{\"animation\":\"parallax\",\"image\":\"wp-content\\\/uploads\\\/2024\\\/05\\\/mezieres.jpg\",\"image_alt\":\"Fisioterapeuta aplicando el m\\u00e9todo Mezieres\",\"image_height\":609,\"image_svg_color\":\"emphasis\",\"image_width\":\"420\",\"margin\":\"\",\"parallax_breakpoint\":\"m\",\"parallax_easing\":\"1\",\"parallax_y\":\"-70,0\",\"text_align\":\"right\",\"text_align_breakpoint\":\"m\"}}]}]}]},{\"name\":\"CV\",\"type\":\"section\",\"props\":{\"image_position\":\"center-center\",\"padding\":\"large\",\"style\":\"default\",\"title_breakpoint\":\"xl\",\"title_position\":\"top-left\",\"title_rotation\":\"left\",\"vertical_align\":\"middle\",\"width\":\"default\"},\"children\":[{\"type\":\"row\",\"props\":{\"column_gap\":\"large\",\"layout\":\"1-2,1-2\",\"margin\":\"large\"},\"children\":[{\"type\":\"column\",\"props\":{\"image_position\":\"center-center\",\"position_sticky_breakpoint\":\"m\",\"width_medium\":\"1-2\"},\"children\":[{\"type\":\"headline\",\"props\":{\"content\":\"Indicaciones\",\"margin\":\"medium\",\"title_element\":\"h2\",\"title_style\":\"h3\"}},{\"type\":\"list\",\"props\":{\"column_breakpoint\":\"m\",\"image_align\":\"left\",\"image_svg_color\":\"emphasis\",\"image_vertical_align\":true,\"list_element\":\"ul\",\"list_horizontal_separator\":\", \",\"list_marker\":\"bullet\",\"list_type\":\"vertical\",\"show_image\":true,\"show_link\":true},\"children\":[{\"type\":\"list_item\",\"props\":{\"content\":\"\n\n<p>Dolores y lesiones de la columna vertebral y de las extremidades: contracturas, artrosis, hernias discales, escoliosis, cifosi, ci\\u00e1tica, lumbalgias...<\\\/p>\"}},{\"type\":\"list_item\",\"props\":{\"content\":\"\n\n<p>Muy beneficioso en trastornos relacionados con dolor cr\\u00f3nico, fibromialgia\\u2026<\\\/p>\"}},{\"type\":\"list_item\",\"props\":{\"content\":\"\n\n<p>Eficaz tambi\\u00e9n en deportistas, bailarines y m\\u00fasicos, sometidos a sobrecargas posturales y de movimiento.<\\\/p>\"}}]}]},{\"type\":\"column\",\"props\":{\"image_position\":\"center-center\",\"position_sticky_breakpoint\":\"m\",\"width_medium\":\"1-2\"},\"children\":[{\"type\":\"headline\",\"props\":{\"content\":\"Beneficios\",\"margin\":\"medium\",\"title_color\":\"primary\",\"title_element\":\"h2\",\"title_style\":\"h3\"}},{\"type\":\"list\",\"props\":{\"column_breakpoint\":\"m\",\"image_align\":\"left\",\"image_svg_color\":\"emphasis\",\"image_vertical_align\":true,\"list_element\":\"ul\",\"list_horizontal_separator\":\", \",\"list_marker\":\"bullet\",\"list_type\":\"vertical\",\"show_image\":true,\"show_link\":true},\"children\":[{\"type\":\"list_item\",\"props\":{\"content\":\"\n\n<p>Cuerpos flexible, espalda sana.<\\\/p>\"}},{\"type\":\"list_item\",\"props\":{\"content\":\"\n\n<p>Equilibra tu espalda y mejora tu rendimiento deportivo.<\\\/p>\"}},{\"type\":\"list_item\",\"props\":{\"content\":\"Postura equilibrada. \"}},{\"type\":\"list_item\",\"props\":{\"content\":\"\n\n<p>Recupera la armon\\u00eda de la columna vertebral, la libertad de hombros y cabeza, realzando la belleza postural.<\\\/p>\"}},{\"type\":\"list_item\",\"props\":{\"content\":\"\n\n<p>Elimina las tensiones y el dolor.<\\\/p>\"}},{\"type\":\"list_item\",\"props\":{\"content\":\"\n\n<p>Elimina las contracturas y tensiones musculares abordando las causas que las provocan.<\\\/p>\"}},{\"type\":\"list_item\",\"props\":{\"content\":\"\n\n<p>Equilibra y relaja las cadenas musculares, mejorando el dolor cr\\u00f3nico.<\\\/p>\"}}]}]}]},{\"type\":\"row\",\"children\":[{\"type\":\"column\",\"props\":{\"image_position\":\"center-center\",\"position_sticky_breakpoint\":\"m\"},\"children\":[{\"type\":\"divider\",\"props\":{\"divider_element\":\"hr\",\"divider_style\":\"icon\"}}]}]}]}],\"version\":\"4.3.13\"} --><\/p>\n","protected":false},"excerpt":{"rendered":"<p>M\u00e8tode MEZIERES Inventat en la d\u00e8cada de 1950, ofereix el tractament i el manteniment de la postura treballant l&#8217;estirament de les cadenes musculars. Els postures globals: Es realitzen estiraments actius globals de les cadenes musculars, que milloren l&#8217;elasticitat i tonifiquen els m\u00fasculs atrofiats, adaptats a cada persona. La consci\u00e8ncia corporal: Gr\u00e0cies a t\u00e8cniques i exercicis [&hellip;]<\/p>\n","protected":false},"author":1,"featured_media":1213,"parent":1095,"menu_order":0,"comment_status":"closed","ping_status":"closed","template":"","meta":{"footnotes":""},"class_list":["post-1190","page","type-page","status-publish","has-post-thumbnail","hentry"],"yoast_head":"<!-- This site is optimized with the Yoast SEO plugin v26.1.1 - https:\/\/yoast.com\/wordpress\/plugins\/seo\/ -->\n<title>M\u00e8tode Mezieres - Fisioter\u00e0pia Mireia Vidal<\/title>\n<meta name=\"robots\" content=\"index, follow, max-snippet:-1, max-image-preview:large, max-video-preview:-1\" \/>\n<link rel=\"canonical\" href=\"https:\/\/fisioterapiamireiavidal.com\/ca\/que-utilitzem\/metode-mezieres\/\" \/>\n<meta property=\"og:locale\" content=\"ca_ES\" \/>\n<meta property=\"og:type\" content=\"article\" \/>\n<meta property=\"og:title\" content=\"M\u00e8tode Mezieres - Fisioter\u00e0pia Mireia Vidal\" \/>\n<meta property=\"og:description\" content=\"M\u00e8tode MEZIERES Inventat en la d\u00e8cada de 1950, ofereix el tractament i el manteniment de la postura treballant l&#8217;estirament de les cadenes musculars. Els postures globals: Es realitzen estiraments actius globals de les cadenes musculars, que milloren l&#8217;elasticitat i tonifiquen els m\u00fasculs atrofiats, adaptats a cada persona. La consci\u00e8ncia corporal: Gr\u00e0cies a t\u00e8cniques i exercicis [&hellip;]\" \/>\n<meta property=\"og:url\" content=\"https:\/\/fisioterapiamireiavidal.com\/ca\/que-utilitzem\/metode-mezieres\/\" \/>\n<meta property=\"og:site_name\" content=\"Fisioter\u00e0pia Mireia Vidal\" \/>\n<meta property=\"article:modified_time\" content=\"2024-08-16T11:45:02+00:00\" \/>\n<meta property=\"og:image\" content=\"https:\/\/fisioterapiamireiavidal.com\/wp-content\/uploads\/2024\/05\/mezieres.jpg\" \/>\n\t<meta property=\"og:image:width\" content=\"1218\" \/>\n\t<meta property=\"og:image:height\" content=\"825\" \/>\n\t<meta property=\"og:image:type\" content=\"image\/jpeg\" \/>\n<meta name=\"twitter:card\" content=\"summary_large_image\" \/>\n<meta name=\"twitter:label1\" content=\"Temps estimat de lectura\" \/>\n\t<meta name=\"twitter:data1\" content=\"1 minut\" \/>\n<script type=\"application\/ld+json\" class=\"yoast-schema-graph\">{\"@context\":\"https:\/\/schema.org\",\"@graph\":[{\"@type\":\"WebPage\",\"@id\":\"https:\/\/fisioterapiamireiavidal.com\/ca\/que-utilitzem\/metode-mezieres\/\",\"url\":\"https:\/\/fisioterapiamireiavidal.com\/ca\/que-utilitzem\/metode-mezieres\/\",\"name\":\"M\u00e8tode Mezieres - Fisioter\u00e0pia Mireia Vidal\",\"isPartOf\":{\"@id\":\"https:\/\/fisioterapiamireiavidal.com\/ca\/#website\"},\"primaryImageOfPage\":{\"@id\":\"https:\/\/fisioterapiamireiavidal.com\/ca\/que-utilitzem\/metode-mezieres\/#primaryimage\"},\"image\":{\"@id\":\"https:\/\/fisioterapiamireiavidal.com\/ca\/que-utilitzem\/metode-mezieres\/#primaryimage\"},\"thumbnailUrl\":\"https:\/\/fisioterapiamireiavidal.com\/wp-content\/uploads\/2024\/05\/mezieres.jpg\",\"datePublished\":\"2024-05-13T13:22:27+00:00\",\"dateModified\":\"2024-08-16T11:45:02+00:00\",\"breadcrumb\":{\"@id\":\"https:\/\/fisioterapiamireiavidal.com\/ca\/que-utilitzem\/metode-mezieres\/#breadcrumb\"},\"inLanguage\":\"ca\",\"potentialAction\":[{\"@type\":\"ReadAction\",\"target\":[\"https:\/\/fisioterapiamireiavidal.com\/ca\/que-utilitzem\/metode-mezieres\/\"]}]},{\"@type\":\"ImageObject\",\"inLanguage\":\"ca\",\"@id\":\"https:\/\/fisioterapiamireiavidal.com\/ca\/que-utilitzem\/metode-mezieres\/#primaryimage\",\"url\":\"https:\/\/fisioterapiamireiavidal.com\/wp-content\/uploads\/2024\/05\/mezieres.jpg\",\"contentUrl\":\"https:\/\/fisioterapiamireiavidal.com\/wp-content\/uploads\/2024\/05\/mezieres.jpg\",\"width\":1218,\"height\":825,\"caption\":\"Fisioterapeuta aplicant el M\u00e8tode Mezieres a una noia.\"},{\"@type\":\"BreadcrumbList\",\"@id\":\"https:\/\/fisioterapiamireiavidal.com\/ca\/que-utilitzem\/metode-mezieres\/#breadcrumb\",\"itemListElement\":[{\"@type\":\"ListItem\",\"position\":1,\"name\":\"Inici\",\"item\":\"https:\/\/fisioterapiamireiavidal.com\/ca\/\"},{\"@type\":\"ListItem\",\"position\":2,\"name\":\"Qu\u00e8 utilitzem\",\"item\":\"https:\/\/fisioterapiamireiavidal.com\/ca\/que-utilitzem\/\"},{\"@type\":\"ListItem\",\"position\":3,\"name\":\"M\u00e8tode Mezieres\"}]},{\"@type\":\"WebSite\",\"@id\":\"https:\/\/fisioterapiamireiavidal.com\/ca\/#website\",\"url\":\"https:\/\/fisioterapiamireiavidal.com\/ca\/\",\"name\":\"Fisioter\u00e0pia Mireia Vidal\",\"description\":\"Oferim tractaments personalitzats, ideats i duts a terme per fisioterapeutes col\u2022legiats.\",\"publisher\":{\"@id\":\"https:\/\/fisioterapiamireiavidal.com\/ca\/#organization\"},\"potentialAction\":[{\"@type\":\"SearchAction\",\"target\":{\"@type\":\"EntryPoint\",\"urlTemplate\":\"https:\/\/fisioterapiamireiavidal.com\/ca\/?s={search_term_string}\"},\"query-input\":{\"@type\":\"PropertyValueSpecification\",\"valueRequired\":true,\"valueName\":\"search_term_string\"}}],\"inLanguage\":\"ca\"},{\"@type\":\"Organization\",\"@id\":\"https:\/\/fisioterapiamireiavidal.com\/ca\/#organization\",\"name\":\"Fisioter\u00e0pia Mireia Vidal\",\"url\":\"https:\/\/fisioterapiamireiavidal.com\/ca\/\",\"logo\":{\"@type\":\"ImageObject\",\"inLanguage\":\"ca\",\"@id\":\"https:\/\/fisioterapiamireiavidal.com\/ca\/#\/schema\/logo\/image\/\",\"url\":\"https:\/\/fisioterapiamireiavidal.com\/wp-content\/uploads\/2024\/05\/logo_mireiavidal_vertical.svg\",\"contentUrl\":\"https:\/\/fisioterapiamireiavidal.com\/wp-content\/uploads\/2024\/05\/logo_mireiavidal_vertical.svg\",\"width\":1,\"height\":1,\"caption\":\"Fisioter\u00e0pia Mireia Vidal\"},\"image\":{\"@id\":\"https:\/\/fisioterapiamireiavidal.com\/ca\/#\/schema\/logo\/image\/\"}}]}<\/script>\n<!-- \/ Yoast SEO plugin. -->","yoast_head_json":{"title":"M\u00e8tode Mezieres - Fisioter\u00e0pia Mireia Vidal","robots":{"index":"index","follow":"follow","max-snippet":"max-snippet:-1","max-image-preview":"max-image-preview:large","max-video-preview":"max-video-preview:-1"},"canonical":"https:\/\/fisioterapiamireiavidal.com\/ca\/que-utilitzem\/metode-mezieres\/","og_locale":"ca_ES","og_type":"article","og_title":"M\u00e8tode Mezieres - Fisioter\u00e0pia Mireia Vidal","og_description":"M\u00e8tode MEZIERES Inventat en la d\u00e8cada de 1950, ofereix el tractament i el manteniment de la postura treballant l&#8217;estirament de les cadenes musculars. Els postures globals: Es realitzen estiraments actius globals de les cadenes musculars, que milloren l&#8217;elasticitat i tonifiquen els m\u00fasculs atrofiats, adaptats a cada persona. La consci\u00e8ncia corporal: Gr\u00e0cies a t\u00e8cniques i exercicis [&hellip;]","og_url":"https:\/\/fisioterapiamireiavidal.com\/ca\/que-utilitzem\/metode-mezieres\/","og_site_name":"Fisioter\u00e0pia Mireia Vidal","article_modified_time":"2024-08-16T11:45:02+00:00","og_image":[{"width":1218,"height":825,"url":"https:\/\/fisioterapiamireiavidal.com\/wp-content\/uploads\/2024\/05\/mezieres.jpg","type":"image\/jpeg"}],"twitter_card":"summary_large_image","twitter_misc":{"Temps estimat de lectura":"1 minut"},"schema":{"@context":"https:\/\/schema.org","@graph":[{"@type":"WebPage","@id":"https:\/\/fisioterapiamireiavidal.com\/ca\/que-utilitzem\/metode-mezieres\/","url":"https:\/\/fisioterapiamireiavidal.com\/ca\/que-utilitzem\/metode-mezieres\/","name":"M\u00e8tode Mezieres - Fisioter\u00e0pia Mireia Vidal","isPartOf":{"@id":"https:\/\/fisioterapiamireiavidal.com\/ca\/#website"},"primaryImageOfPage":{"@id":"https:\/\/fisioterapiamireiavidal.com\/ca\/que-utilitzem\/metode-mezieres\/#primaryimage"},"image":{"@id":"https:\/\/fisioterapiamireiavidal.com\/ca\/que-utilitzem\/metode-mezieres\/#primaryimage"},"thumbnailUrl":"https:\/\/fisioterapiamireiavidal.com\/wp-content\/uploads\/2024\/05\/mezieres.jpg","datePublished":"2024-05-13T13:22:27+00:00","dateModified":"2024-08-16T11:45:02+00:00","breadcrumb":{"@id":"https:\/\/fisioterapiamireiavidal.com\/ca\/que-utilitzem\/metode-mezieres\/#breadcrumb"},"inLanguage":"ca","potentialAction":[{"@type":"ReadAction","target":["https:\/\/fisioterapiamireiavidal.com\/ca\/que-utilitzem\/metode-mezieres\/"]}]},{"@type":"ImageObject","inLanguage":"ca","@id":"https:\/\/fisioterapiamireiavidal.com\/ca\/que-utilitzem\/metode-mezieres\/#primaryimage","url":"https:\/\/fisioterapiamireiavidal.com\/wp-content\/uploads\/2024\/05\/mezieres.jpg","contentUrl":"https:\/\/fisioterapiamireiavidal.com\/wp-content\/uploads\/2024\/05\/mezieres.jpg","width":1218,"height":825,"caption":"Fisioterapeuta aplicant el M\u00e8tode Mezieres a una noia."},{"@type":"BreadcrumbList","@id":"https:\/\/fisioterapiamireiavidal.com\/ca\/que-utilitzem\/metode-mezieres\/#breadcrumb","itemListElement":[{"@type":"ListItem","position":1,"name":"Inici","item":"https:\/\/fisioterapiamireiavidal.com\/ca\/"},{"@type":"ListItem","position":2,"name":"Qu\u00e8 utilitzem","item":"https:\/\/fisioterapiamireiavidal.com\/ca\/que-utilitzem\/"},{"@type":"ListItem","position":3,"name":"M\u00e8tode Mezieres"}]},{"@type":"WebSite","@id":"https:\/\/fisioterapiamireiavidal.com\/ca\/#website","url":"https:\/\/fisioterapiamireiavidal.com\/ca\/","name":"Fisioter\u00e0pia Mireia Vidal","description":"Oferim tractaments personalitzats, ideats i duts a terme per fisioterapeutes col\u2022legiats.","publisher":{"@id":"https:\/\/fisioterapiamireiavidal.com\/ca\/#organization"},"potentialAction":[{"@type":"SearchAction","target":{"@type":"EntryPoint","urlTemplate":"https:\/\/fisioterapiamireiavidal.com\/ca\/?s={search_term_string}"},"query-input":{"@type":"PropertyValueSpecification","valueRequired":true,"valueName":"search_term_string"}}],"inLanguage":"ca"},{"@type":"Organization","@id":"https:\/\/fisioterapiamireiavidal.com\/ca\/#organization","name":"Fisioter\u00e0pia Mireia Vidal","url":"https:\/\/fisioterapiamireiavidal.com\/ca\/","logo":{"@type":"ImageObject","inLanguage":"ca","@id":"https:\/\/fisioterapiamireiavidal.com\/ca\/#\/schema\/logo\/image\/","url":"https:\/\/fisioterapiamireiavidal.com\/wp-content\/uploads\/2024\/05\/logo_mireiavidal_vertical.svg","contentUrl":"https:\/\/fisioterapiamireiavidal.com\/wp-content\/uploads\/2024\/05\/logo_mireiavidal_vertical.svg","width":1,"height":1,"caption":"Fisioter\u00e0pia Mireia Vidal"},"image":{"@id":"https:\/\/fisioterapiamireiavidal.com\/ca\/#\/schema\/logo\/image\/"}}]}},"_links":{"self":[{"href":"https:\/\/fisioterapiamireiavidal.com\/ca\/wp-json\/wp\/v2\/pages\/1190","targetHints":{"allow":["GET"]}}],"collection":[{"href":"https:\/\/fisioterapiamireiavidal.com\/ca\/wp-json\/wp\/v2\/pages"}],"about":[{"href":"https:\/\/fisioterapiamireiavidal.com\/ca\/wp-json\/wp\/v2\/types\/page"}],"author":[{"embeddable":true,"href":"https:\/\/fisioterapiamireiavidal.com\/ca\/wp-json\/wp\/v2\/users\/1"}],"replies":[{"embeddable":true,"href":"https:\/\/fisioterapiamireiavidal.com\/ca\/wp-json\/wp\/v2\/comments?post=1190"}],"version-history":[{"count":40,"href":"https:\/\/fisioterapiamireiavidal.com\/ca\/wp-json\/wp\/v2\/pages\/1190\/revisions"}],"predecessor-version":[{"id":1939,"href":"https:\/\/fisioterapiamireiavidal.com\/ca\/wp-json\/wp\/v2\/pages\/1190\/revisions\/1939"}],"up":[{"embeddable":true,"href":"https:\/\/fisioterapiamireiavidal.com\/ca\/wp-json\/wp\/v2\/pages\/1095"}],"wp:featuredmedia":[{"embeddable":true,"href":"https:\/\/fisioterapiamireiavidal.com\/ca\/wp-json\/wp\/v2\/media\/1213"}],"wp:attachment":[{"href":"https:\/\/fisioterapiamireiavidal.com\/ca\/wp-json\/wp\/v2\/media?parent=1190"}],"curies":[{"name":"wp","href":"https:\/\/api.w.org\/{rel}","templated":true}]}}