{"id":1188,"date":"2024-05-13T13:22:08","date_gmt":"2024-05-13T13:22:08","guid":{"rendered":"https:\/\/fisioterapiamireiavidal.com\/?page_id=1188"},"modified":"2024-05-16T11:19:01","modified_gmt":"2024-05-16T11:19:01","slug":"indiba-activ-terapia","status":"publish","type":"page","link":"https:\/\/fisioterapiamireiavidal.com\/ca\/que-utilitzem\/indiba-activ-terapia\/","title":{"rendered":"Indiba ACTIV\u00ae Ter\u00e0pia"},"content":{"rendered":"<h1>Indiba ACTIV\u00ae Ter\u00e0pia<\/h1>\n<div>Ter\u00e0pia manual innovadora de ultima generaci\u00f3 tecnol\u00f2gica<\/div>\n<div>\n<p>La Indiba ACTIV\u00ae terapia \u00e9s una ter\u00e0pia manual innovadora de ultima generaci\u00f3 tecnol\u00f2gica que reactiva els processos naturals fisiol\u00f2gics del metabolisme tissular mitjan\u00e7ant la transfer\u00e8ncia d\u2019energia que estimula els teixits des de l\u2019interior refor\u00e7ant les capacitats reparadores de l\u2019organisme. L\u2019objectiu es escur\u00e7ar el per\u00edode de recuperaci\u00f3. Substitueix l\u2019electroter\u00e0pia cl\u00e0ssica (ultras\u00f2, microones, ona curta, magneto, etc.) i incrementa considerablement la qualitat i la rapidesa de recuperaci\u00f3 de lesions cr\u00f2niques i agudes, estructurals o viscerals.<\/p>\n<\/div>\n<blockquote>\n<p>    \u201cTot a la vida es manifesta a trav\u00e9s d&#8217;energia o moviment.\u201d<\/p>\n<footer>\n<p>                <cite>Harold I. Magoun<\/cite><\/p>\n<\/footer>\n<\/blockquote>\n<p><img decoding=\"async\" src=\"\/mireiavidal\/wp-content\/uploads\/2024\/05\/indiba-activ-en-alicante.jpg\" alt=\"Fisioterapeuta aplicando el M\u00e9todo Mezieres a una chica.\"><\/p>\n<h2>Els <span class=\"uk-text-primary\">efectes<\/span> son:<\/h2>\n<ul>\n<li>\n<div>Incrementa la microcirculaci\u00f3, l\u2019oxigenaci\u00f3 i l\u2019aport de nutrients als teixits sans i lesionats.<\/div>\n<\/li>\n<li>\n<div>Facilita la vasodilataci\u00f3 capil\u00b7lar i provoca un augment de la circulaci\u00f3 que afavoreix la recuperaci\u00f3 de les lesions i de la fatiga muscular.<\/div>\n<\/li>\n<li>\n<div>L\u2019increment de la temperatura interna (hipert\u00e8rmia) accelera el metabolisme, aix\u00ed com la regeneraci\u00f3 de tot tipus de c\u00e8l\u2022lules: cut\u00e0nies, musculars, \u00f2ssies, lligamentoses, nervioses, etc. <\/div>\n<\/li>\n<li>\n<div>Afavoreix el retorn ven\u00f3s, la reabsorci\u00f3 d\u2019edemes i hematomes i la disminuci\u00f3 de les inflamacions.<\/div>\n<\/li>\n<li>\n<div>Afavoreix el bloqueig de la transmissi\u00f3 de l\u2019est\u00edmul dolor\u00f3s i reequilibra el potencial de membrana dels nociceptors a nivell neuronal. <\/div>\n<\/li>\n<\/ul>\n<hr>\n<p><!--more--><br \/>\n<!-- {\"type\":\"layout\",\"children\":[{\"name\":\"About\",\"type\":\"section\",\"props\":{\"image_effect\":\"parallax\",\"image_parallax_bgx\":\"80,80\",\"image_parallax_easing\":\"1\",\"image_position\":\"bottom-right\",\"image_width\":\"350\",\"padding_remove_bottom\":true,\"style\":\"default\",\"title_breakpoint\":\"xl\",\"title_position\":\"center-right\",\"title_rotation\":\"left\",\"vertical_align\":\"middle\",\"width\":\"default\"},\"children\":[{\"type\":\"row\",\"props\":{\"column_gap\":\"small\",\"layout\":\"1-2,1-2\",\"match\":false,\"row_gap\":\"small\",\"vertical_align\":false},\"children\":[{\"type\":\"column\",\"props\":{\"image_position\":\"center-center\",\"position_sticky_breakpoint\":\"m\",\"width_medium\":\"1-2\"},\"children\":[{\"type\":\"headline\",\"props\":{\"content\":\"Indiba ACTIV\\u00ae Ter\\u00e0pia\",\"title_color\":\"primary\",\"title_decoration\":\"line\",\"title_element\":\"h1\",\"title_style\":\"heading-small\"}},{\"type\":\"headline\",\"props\":{\"content\":\"Ter\\u00e0pia manual innovadora de ultima generaci\\u00f3 tecnol\\u00f2gica\",\"margin\":\"remove-vertical\",\"title_decoration\":\"bullet\",\"title_element\":\"div\",\"title_style\":\"text-meta\"}},{\"type\":\"text\",\"props\":{\"column_breakpoint\":\"m\",\"content\":\"\n\n<p>La Indiba ACTIV\\u00ae terapia \\u00e9s una ter\\u00e0pia manual innovadora de ultima generaci\\u00f3 tecnol\\u00f2gica que reactiva els processos naturals fisiol\\u00f2gics del metabolisme tissular mitjan\\u00e7ant la transfer\\u00e8ncia d\\u2019energia que estimula els teixits des de l\\u2019interior refor\\u00e7ant les capacitats reparadores de l\\u2019organisme. L\\u2019objectiu es escur\\u00e7ar el per\\u00edode de recuperaci\\u00f3. Substitueix l\\u2019electroter\\u00e0pia cl\\u00e0ssica (ultras\\u00f2, microones, ona curta, magneto, etc.) i incrementa considerablement la qualitat i la rapidesa de recuperaci\\u00f3 de lesions cr\\u00f2niques i agudes, estructurals o viscerals.<\\\/p>\",\"margin\":\"large\",\"maxwidth\":\"xlarge\"}},{\"type\":\"quotation\",\"props\":{\"author\":\"Harold I. Magoun\",\"content\":\"\\u201cTot a la vida es manifesta a trav\\u00e9s d'energia o moviment.\\u201d\",\"margin_remove_top\":false}}]},{\"type\":\"column\",\"props\":{\"image\":\"wp-content\\\/uploads\\\/pattern.svg\",\"image_effect\":\"parallax\",\"image_parallax_bgy\":\"-60,-50\",\"image_parallax_easing\":\"1\",\"image_position\":\"bottom-left\",\"image_width\":\"350\",\"media_visibility\":\"m\",\"position_sticky_breakpoint\":\"m\",\"width_medium\":\"1-2\"},\"children\":[{\"type\":\"image\",\"props\":{\"animation\":\"parallax\",\"image\":\"wp-content\\\/uploads\\\/2024\\\/05\\\/indiba-activ-en-alicante.jpg\",\"image_alt\":\"Fisioterapeuta aplicando el M\\u00e9todo Mezieres a una chica.\",\"image_svg_color\":\"emphasis\",\"image_width\":\"420\",\"margin\":\"\",\"parallax_breakpoint\":\"m\",\"parallax_easing\":\"1\",\"parallax_y\":\"-70,0\",\"text_align\":\"right\",\"text_align_breakpoint\":\"m\"}}]}]}]},{\"name\":\"CV\",\"type\":\"section\",\"props\":{\"image_position\":\"center-center\",\"padding\":\"small\",\"style\":\"default\",\"title_breakpoint\":\"xl\",\"title_position\":\"top-left\",\"title_rotation\":\"left\",\"vertical_align\":\"middle\",\"width\":\"default\"},\"children\":[{\"type\":\"row\",\"props\":{\"margin\":\"large\"},\"children\":[{\"type\":\"column\",\"props\":{\"image_position\":\"center-center\",\"position_sticky_breakpoint\":\"m\",\"width_medium\":\"1-1\"},\"children\":[{\"type\":\"headline\",\"props\":{\"content\":\"Els <span class=\\\"uk-text-primary\\\">efectes<\\\/span> son:\",\"title_element\":\"h2\",\"title_style\":\"h3\"}},{\"type\":\"list\",\"props\":{\"column_breakpoint\":\"m\",\"image_align\":\"left\",\"image_svg_color\":\"emphasis\",\"image_vertical_align\":true,\"list_element\":\"ul\",\"list_horizontal_separator\":\", \",\"list_marker\":\"bullet\",\"list_size\":\"large\",\"list_type\":\"vertical\",\"show_image\":true,\"show_link\":true},\"children\":[{\"type\":\"list_item\",\"props\":{\"content\":\"Incrementa la microcirculaci\\u00f3, l\\u2019oxigenaci\\u00f3 i l\\u2019aport de nutrients als teixits sans i lesionats.\"}},{\"type\":\"list_item\",\"props\":{\"content\":\"Facilita la vasodilataci\\u00f3 capil\\u00b7lar i provoca un augment de la circulaci\\u00f3 que afavoreix la recuperaci\\u00f3 de les lesions i de la fatiga muscular.\"}},{\"type\":\"list_item\",\"props\":{\"content\":\"L\\u2019increment de la temperatura interna (hipert\\u00e8rmia) accelera el metabolisme, aix\\u00ed com la regeneraci\\u00f3 de tot tipus de c\\u00e8l\\u2022lules: cut\\u00e0nies, musculars, \\u00f2ssies, lligamentoses, nervioses, etc. \"}},{\"type\":\"list_item\",\"props\":{\"content\":\"Afavoreix el retorn ven\\u00f3s, la reabsorci\\u00f3 d\\u2019edemes i hematomes i la disminuci\\u00f3 de les inflamacions.\"}},{\"type\":\"list_item\",\"props\":{\"content\":\"Afavoreix el bloqueig de la transmissi\\u00f3 de l\\u2019est\\u00edmul dolor\\u00f3s i reequilibra el potencial de membrana dels nociceptors a nivell neuronal. \"}}]}]}]},{\"type\":\"row\",\"children\":[{\"type\":\"column\",\"props\":{\"image_position\":\"center-center\",\"position_sticky_breakpoint\":\"m\"},\"children\":[{\"type\":\"divider\",\"props\":{\"divider_element\":\"hr\",\"divider_style\":\"icon\"}}]}]}]}],\"version\":\"4.3.13\"} --><\/p>\n","protected":false},"excerpt":{"rendered":"<p>Indiba ACTIV\u00ae Ter\u00e0pia Ter\u00e0pia manual innovadora de ultima generaci\u00f3 tecnol\u00f2gica La Indiba ACTIV\u00ae terapia \u00e9s una ter\u00e0pia manual innovadora de ultima generaci\u00f3 tecnol\u00f2gica que reactiva els processos naturals fisiol\u00f2gics del metabolisme tissular mitjan\u00e7ant la transfer\u00e8ncia d\u2019energia que estimula els teixits des de l\u2019interior refor\u00e7ant les capacitats reparadores de l\u2019organisme. L\u2019objectiu es escur\u00e7ar el per\u00edode de [&hellip;]<\/p>\n","protected":false},"author":1,"featured_media":1211,"parent":1095,"menu_order":0,"comment_status":"closed","ping_status":"closed","template":"","meta":{"footnotes":""},"class_list":["post-1188","page","type-page","status-publish","has-post-thumbnail","hentry"],"yoast_head":"<!-- This site is optimized with the Yoast SEO plugin v26.1.1 - https:\/\/yoast.com\/wordpress\/plugins\/seo\/ -->\n<title>Indiba ACTIV\u00ae Ter\u00e0pia - Fisioter\u00e0pia Mireia Vidal<\/title>\n<meta name=\"robots\" content=\"index, follow, max-snippet:-1, max-image-preview:large, max-video-preview:-1\" \/>\n<link rel=\"canonical\" href=\"https:\/\/fisioterapiamireiavidal.com\/ca\/que-utilitzem\/indiba-activ-terapia\/\" \/>\n<meta property=\"og:locale\" content=\"ca_ES\" \/>\n<meta property=\"og:type\" content=\"article\" \/>\n<meta property=\"og:title\" content=\"Indiba ACTIV\u00ae Ter\u00e0pia - Fisioter\u00e0pia Mireia Vidal\" \/>\n<meta property=\"og:description\" content=\"Indiba ACTIV\u00ae Ter\u00e0pia Ter\u00e0pia manual innovadora de ultima generaci\u00f3 tecnol\u00f2gica La Indiba ACTIV\u00ae terapia \u00e9s una ter\u00e0pia manual innovadora de ultima generaci\u00f3 tecnol\u00f2gica que reactiva els processos naturals fisiol\u00f2gics del metabolisme tissular mitjan\u00e7ant la transfer\u00e8ncia d\u2019energia que estimula els teixits des de l\u2019interior refor\u00e7ant les capacitats reparadores de l\u2019organisme. L\u2019objectiu es escur\u00e7ar el per\u00edode de [&hellip;]\" \/>\n<meta property=\"og:url\" content=\"https:\/\/fisioterapiamireiavidal.com\/ca\/que-utilitzem\/indiba-activ-terapia\/\" \/>\n<meta property=\"og:site_name\" content=\"Fisioter\u00e0pia Mireia Vidal\" \/>\n<meta property=\"article:modified_time\" content=\"2024-05-16T11:19:01+00:00\" \/>\n<meta property=\"og:image\" content=\"https:\/\/fisioterapiamireiavidal.com\/wp-content\/uploads\/2024\/05\/indiba-activ-en-alicante.jpg\" \/>\n\t<meta property=\"og:image:width\" content=\"900\" \/>\n\t<meta property=\"og:image:height\" content=\"1350\" \/>\n\t<meta property=\"og:image:type\" content=\"image\/jpeg\" \/>\n<meta name=\"twitter:card\" content=\"summary_large_image\" \/>\n<meta name=\"twitter:label1\" content=\"Temps estimat de lectura\" \/>\n\t<meta name=\"twitter:data1\" content=\"1 minut\" \/>\n<script type=\"application\/ld+json\" class=\"yoast-schema-graph\">{\"@context\":\"https:\/\/schema.org\",\"@graph\":[{\"@type\":\"WebPage\",\"@id\":\"https:\/\/fisioterapiamireiavidal.com\/ca\/que-utilitzem\/indiba-activ-terapia\/\",\"url\":\"https:\/\/fisioterapiamireiavidal.com\/ca\/que-utilitzem\/indiba-activ-terapia\/\",\"name\":\"Indiba ACTIV\u00ae Ter\u00e0pia - Fisioter\u00e0pia Mireia Vidal\",\"isPartOf\":{\"@id\":\"https:\/\/fisioterapiamireiavidal.com\/ca\/#website\"},\"primaryImageOfPage\":{\"@id\":\"https:\/\/fisioterapiamireiavidal.com\/ca\/que-utilitzem\/indiba-activ-terapia\/#primaryimage\"},\"image\":{\"@id\":\"https:\/\/fisioterapiamireiavidal.com\/ca\/que-utilitzem\/indiba-activ-terapia\/#primaryimage\"},\"thumbnailUrl\":\"https:\/\/fisioterapiamireiavidal.com\/wp-content\/uploads\/2024\/05\/indiba-activ-en-alicante.jpg\",\"datePublished\":\"2024-05-13T13:22:08+00:00\",\"dateModified\":\"2024-05-16T11:19:01+00:00\",\"breadcrumb\":{\"@id\":\"https:\/\/fisioterapiamireiavidal.com\/ca\/que-utilitzem\/indiba-activ-terapia\/#breadcrumb\"},\"inLanguage\":\"ca\",\"potentialAction\":[{\"@type\":\"ReadAction\",\"target\":[\"https:\/\/fisioterapiamireiavidal.com\/ca\/que-utilitzem\/indiba-activ-terapia\/\"]}]},{\"@type\":\"ImageObject\",\"inLanguage\":\"ca\",\"@id\":\"https:\/\/fisioterapiamireiavidal.com\/ca\/que-utilitzem\/indiba-activ-terapia\/#primaryimage\",\"url\":\"https:\/\/fisioterapiamireiavidal.com\/wp-content\/uploads\/2024\/05\/indiba-activ-en-alicante.jpg\",\"contentUrl\":\"https:\/\/fisioterapiamireiavidal.com\/wp-content\/uploads\/2024\/05\/indiba-activ-en-alicante.jpg\",\"width\":900,\"height\":1350,\"caption\":\"indiba-activ-en-alicante\"},{\"@type\":\"BreadcrumbList\",\"@id\":\"https:\/\/fisioterapiamireiavidal.com\/ca\/que-utilitzem\/indiba-activ-terapia\/#breadcrumb\",\"itemListElement\":[{\"@type\":\"ListItem\",\"position\":1,\"name\":\"Inici\",\"item\":\"https:\/\/fisioterapiamireiavidal.com\/ca\/\"},{\"@type\":\"ListItem\",\"position\":2,\"name\":\"Qu\u00e8 utilitzem\",\"item\":\"https:\/\/fisioterapiamireiavidal.com\/ca\/que-utilitzem\/\"},{\"@type\":\"ListItem\",\"position\":3,\"name\":\"Indiba ACTIV\u00ae Ter\u00e0pia\"}]},{\"@type\":\"WebSite\",\"@id\":\"https:\/\/fisioterapiamireiavidal.com\/ca\/#website\",\"url\":\"https:\/\/fisioterapiamireiavidal.com\/ca\/\",\"name\":\"Fisioter\u00e0pia Mireia Vidal\",\"description\":\"Oferim tractaments personalitzats, ideats i duts a terme per fisioterapeutes col\u2022legiats.\",\"publisher\":{\"@id\":\"https:\/\/fisioterapiamireiavidal.com\/ca\/#organization\"},\"potentialAction\":[{\"@type\":\"SearchAction\",\"target\":{\"@type\":\"EntryPoint\",\"urlTemplate\":\"https:\/\/fisioterapiamireiavidal.com\/ca\/?s={search_term_string}\"},\"query-input\":{\"@type\":\"PropertyValueSpecification\",\"valueRequired\":true,\"valueName\":\"search_term_string\"}}],\"inLanguage\":\"ca\"},{\"@type\":\"Organization\",\"@id\":\"https:\/\/fisioterapiamireiavidal.com\/ca\/#organization\",\"name\":\"Fisioter\u00e0pia Mireia Vidal\",\"url\":\"https:\/\/fisioterapiamireiavidal.com\/ca\/\",\"logo\":{\"@type\":\"ImageObject\",\"inLanguage\":\"ca\",\"@id\":\"https:\/\/fisioterapiamireiavidal.com\/ca\/#\/schema\/logo\/image\/\",\"url\":\"https:\/\/fisioterapiamireiavidal.com\/wp-content\/uploads\/2024\/05\/logo_mireiavidal_vertical.svg\",\"contentUrl\":\"https:\/\/fisioterapiamireiavidal.com\/wp-content\/uploads\/2024\/05\/logo_mireiavidal_vertical.svg\",\"width\":1,\"height\":1,\"caption\":\"Fisioter\u00e0pia Mireia Vidal\"},\"image\":{\"@id\":\"https:\/\/fisioterapiamireiavidal.com\/ca\/#\/schema\/logo\/image\/\"}}]}<\/script>\n<!-- \/ Yoast SEO plugin. -->","yoast_head_json":{"title":"Indiba ACTIV\u00ae Ter\u00e0pia - Fisioter\u00e0pia Mireia Vidal","robots":{"index":"index","follow":"follow","max-snippet":"max-snippet:-1","max-image-preview":"max-image-preview:large","max-video-preview":"max-video-preview:-1"},"canonical":"https:\/\/fisioterapiamireiavidal.com\/ca\/que-utilitzem\/indiba-activ-terapia\/","og_locale":"ca_ES","og_type":"article","og_title":"Indiba ACTIV\u00ae Ter\u00e0pia - Fisioter\u00e0pia Mireia Vidal","og_description":"Indiba ACTIV\u00ae Ter\u00e0pia Ter\u00e0pia manual innovadora de ultima generaci\u00f3 tecnol\u00f2gica La Indiba ACTIV\u00ae terapia \u00e9s una ter\u00e0pia manual innovadora de ultima generaci\u00f3 tecnol\u00f2gica que reactiva els processos naturals fisiol\u00f2gics del metabolisme tissular mitjan\u00e7ant la transfer\u00e8ncia d\u2019energia que estimula els teixits des de l\u2019interior refor\u00e7ant les capacitats reparadores de l\u2019organisme. L\u2019objectiu es escur\u00e7ar el per\u00edode de [&hellip;]","og_url":"https:\/\/fisioterapiamireiavidal.com\/ca\/que-utilitzem\/indiba-activ-terapia\/","og_site_name":"Fisioter\u00e0pia Mireia Vidal","article_modified_time":"2024-05-16T11:19:01+00:00","og_image":[{"width":900,"height":1350,"url":"https:\/\/fisioterapiamireiavidal.com\/wp-content\/uploads\/2024\/05\/indiba-activ-en-alicante.jpg","type":"image\/jpeg"}],"twitter_card":"summary_large_image","twitter_misc":{"Temps estimat de lectura":"1 minut"},"schema":{"@context":"https:\/\/schema.org","@graph":[{"@type":"WebPage","@id":"https:\/\/fisioterapiamireiavidal.com\/ca\/que-utilitzem\/indiba-activ-terapia\/","url":"https:\/\/fisioterapiamireiavidal.com\/ca\/que-utilitzem\/indiba-activ-terapia\/","name":"Indiba ACTIV\u00ae Ter\u00e0pia - Fisioter\u00e0pia Mireia Vidal","isPartOf":{"@id":"https:\/\/fisioterapiamireiavidal.com\/ca\/#website"},"primaryImageOfPage":{"@id":"https:\/\/fisioterapiamireiavidal.com\/ca\/que-utilitzem\/indiba-activ-terapia\/#primaryimage"},"image":{"@id":"https:\/\/fisioterapiamireiavidal.com\/ca\/que-utilitzem\/indiba-activ-terapia\/#primaryimage"},"thumbnailUrl":"https:\/\/fisioterapiamireiavidal.com\/wp-content\/uploads\/2024\/05\/indiba-activ-en-alicante.jpg","datePublished":"2024-05-13T13:22:08+00:00","dateModified":"2024-05-16T11:19:01+00:00","breadcrumb":{"@id":"https:\/\/fisioterapiamireiavidal.com\/ca\/que-utilitzem\/indiba-activ-terapia\/#breadcrumb"},"inLanguage":"ca","potentialAction":[{"@type":"ReadAction","target":["https:\/\/fisioterapiamireiavidal.com\/ca\/que-utilitzem\/indiba-activ-terapia\/"]}]},{"@type":"ImageObject","inLanguage":"ca","@id":"https:\/\/fisioterapiamireiavidal.com\/ca\/que-utilitzem\/indiba-activ-terapia\/#primaryimage","url":"https:\/\/fisioterapiamireiavidal.com\/wp-content\/uploads\/2024\/05\/indiba-activ-en-alicante.jpg","contentUrl":"https:\/\/fisioterapiamireiavidal.com\/wp-content\/uploads\/2024\/05\/indiba-activ-en-alicante.jpg","width":900,"height":1350,"caption":"indiba-activ-en-alicante"},{"@type":"BreadcrumbList","@id":"https:\/\/fisioterapiamireiavidal.com\/ca\/que-utilitzem\/indiba-activ-terapia\/#breadcrumb","itemListElement":[{"@type":"ListItem","position":1,"name":"Inici","item":"https:\/\/fisioterapiamireiavidal.com\/ca\/"},{"@type":"ListItem","position":2,"name":"Qu\u00e8 utilitzem","item":"https:\/\/fisioterapiamireiavidal.com\/ca\/que-utilitzem\/"},{"@type":"ListItem","position":3,"name":"Indiba ACTIV\u00ae Ter\u00e0pia"}]},{"@type":"WebSite","@id":"https:\/\/fisioterapiamireiavidal.com\/ca\/#website","url":"https:\/\/fisioterapiamireiavidal.com\/ca\/","name":"Fisioter\u00e0pia Mireia Vidal","description":"Oferim tractaments personalitzats, ideats i duts a terme per fisioterapeutes col\u2022legiats.","publisher":{"@id":"https:\/\/fisioterapiamireiavidal.com\/ca\/#organization"},"potentialAction":[{"@type":"SearchAction","target":{"@type":"EntryPoint","urlTemplate":"https:\/\/fisioterapiamireiavidal.com\/ca\/?s={search_term_string}"},"query-input":{"@type":"PropertyValueSpecification","valueRequired":true,"valueName":"search_term_string"}}],"inLanguage":"ca"},{"@type":"Organization","@id":"https:\/\/fisioterapiamireiavidal.com\/ca\/#organization","name":"Fisioter\u00e0pia Mireia Vidal","url":"https:\/\/fisioterapiamireiavidal.com\/ca\/","logo":{"@type":"ImageObject","inLanguage":"ca","@id":"https:\/\/fisioterapiamireiavidal.com\/ca\/#\/schema\/logo\/image\/","url":"https:\/\/fisioterapiamireiavidal.com\/wp-content\/uploads\/2024\/05\/logo_mireiavidal_vertical.svg","contentUrl":"https:\/\/fisioterapiamireiavidal.com\/wp-content\/uploads\/2024\/05\/logo_mireiavidal_vertical.svg","width":1,"height":1,"caption":"Fisioter\u00e0pia Mireia Vidal"},"image":{"@id":"https:\/\/fisioterapiamireiavidal.com\/ca\/#\/schema\/logo\/image\/"}}]}},"_links":{"self":[{"href":"https:\/\/fisioterapiamireiavidal.com\/ca\/wp-json\/wp\/v2\/pages\/1188","targetHints":{"allow":["GET"]}}],"collection":[{"href":"https:\/\/fisioterapiamireiavidal.com\/ca\/wp-json\/wp\/v2\/pages"}],"about":[{"href":"https:\/\/fisioterapiamireiavidal.com\/ca\/wp-json\/wp\/v2\/types\/page"}],"author":[{"embeddable":true,"href":"https:\/\/fisioterapiamireiavidal.com\/ca\/wp-json\/wp\/v2\/users\/1"}],"replies":[{"embeddable":true,"href":"https:\/\/fisioterapiamireiavidal.com\/ca\/wp-json\/wp\/v2\/comments?post=1188"}],"version-history":[{"count":11,"href":"https:\/\/fisioterapiamireiavidal.com\/ca\/wp-json\/wp\/v2\/pages\/1188\/revisions"}],"predecessor-version":[{"id":1649,"href":"https:\/\/fisioterapiamireiavidal.com\/ca\/wp-json\/wp\/v2\/pages\/1188\/revisions\/1649"}],"up":[{"embeddable":true,"href":"https:\/\/fisioterapiamireiavidal.com\/ca\/wp-json\/wp\/v2\/pages\/1095"}],"wp:featuredmedia":[{"embeddable":true,"href":"https:\/\/fisioterapiamireiavidal.com\/ca\/wp-json\/wp\/v2\/media\/1211"}],"wp:attachment":[{"href":"https:\/\/fisioterapiamireiavidal.com\/ca\/wp-json\/wp\/v2\/media?parent=1188"}],"curies":[{"name":"wp","href":"https:\/\/api.w.org\/{rel}","templated":true}]}}