{"id":1099,"date":"2024-05-13T10:56:53","date_gmt":"2024-05-13T10:56:53","guid":{"rendered":"https:\/\/fisioterapiamireiavidal.com\/?page_id=1099"},"modified":"2024-05-16T11:21:04","modified_gmt":"2024-05-16T11:21:04","slug":"qui-soc","status":"publish","type":"page","link":"https:\/\/fisioterapiamireiavidal.com\/ca\/qui-soc\/","title":{"rendered":"Qui soc"},"content":{"rendered":"<h1><span class=\"uk-text-primary\">Mireia <\/span>Vidal<\/h1>\n<div>MEMBRE DEL Col.legi de Fisioterapeutes &#8211; N\u00ba de Col.legiada:  5770<\/div>\n<div>\n<p>Fisioterapeuta especialitzada en:<\/p>\n<ul>\n<li>Traumatologia<\/li>\n<li>Obstetr\u00edcia<\/li>\n<li>Uroginecologia<\/li>\n<li>Coloproctologia<\/li>\n<li>Fisiosexologia<\/li>\n<li>Massatge Infantil (AEMI)<\/li>\n<li>Indiba Activ Terapia<\/li>\n<li>Fisioestetica<\/li>\n<li>T\u00e8cniques Miofascials<\/li>\n<li>T\u00e8cniques Manipulatives de columna i pelvis<\/li>\n<li>T\u00e8cniques de McKenzie<\/li>\n<li>Embenats funcionals i terap\u00e8utics<\/li>\n<\/ul>\n<\/div>\n<div>\n<p>Experi\u00e8ncia laboral en centres amb conveni amb m\u00fatues de tr\u00e0fic, m\u00fatues privades , seguretat social domicili\u00e0ria, Club Nataci\u00f3 Sabadell, Club Minusv\u00e0lids Horitz\u00f3, Club Basquet Castellar i a Fisioter\u00e0pia Mireia Vidal des del gener del 2007.<\/p>\n<\/div>\n<h1>Centre autoritzat pel Departament de Salut de la Generalitat de Catalunya<\/h1>\n<p><img decoding=\"async\" src=\"\/mireiavidal\/wp-content\/uploads\/2024\/05\/sobre_mi.jpg\" alt=\"Foto de la Mireia Vidal a les instal\u00b7lacions del seu centre de Fisioter\u00e0pia\"><\/p>\n<hr>\n<p><!--more--><br \/>\n<!-- {\"type\":\"layout\",\"children\":[{\"name\":\"About\",\"type\":\"section\",\"props\":{\"image_effect\":\"parallax\",\"image_parallax_bgx\":\"80,80\",\"image_parallax_easing\":\"1\",\"image_position\":\"bottom-right\",\"image_width\":\"350\",\"padding_remove_bottom\":false,\"padding_remove_top\":false,\"style\":\"default\",\"title_breakpoint\":\"xl\",\"title_position\":\"center-right\",\"title_rotation\":\"left\",\"vertical_align\":\"middle\",\"width\":\"default\"},\"children\":[{\"type\":\"row\",\"props\":{\"column_gap\":\"small\",\"layout\":\"1-2,1-2\",\"match\":false,\"row_gap\":\"small\",\"vertical_align\":false},\"children\":[{\"type\":\"column\",\"props\":{\"image_position\":\"center-center\",\"position_sticky_breakpoint\":\"m\",\"width_small\":\"1-2\"},\"children\":[{\"type\":\"headline\",\"props\":{\"content\":\"<span class=\\\"uk-text-primary\\\">Mireia <\\\/span>Vidal\",\"title_decoration\":\"line\",\"title_element\":\"h1\",\"title_style\":\"heading-small\"}},{\"type\":\"headline\",\"props\":{\"content\":\"MEMBRE DEL Col.legi de Fisioterapeutes - N\\u00ba de Col.legiada:  5770\",\"margin\":\"remove-vertical\",\"title_decoration\":\"bullet\",\"title_element\":\"div\",\"title_style\":\"h5\"}},{\"type\":\"text\",\"props\":{\"column_breakpoint\":\"m\",\"content\":\"\n\n<p>Fisioterapeuta especialitzada en:<\\\/p>\\n\n\n<ul>\\n\n\n<li>Traumatologia<\\\/li>\\n\n\n<li>Obstetr\\u00edcia<\\\/li>\\n\n\n<li>Uroginecologia<\\\/li>\\n\n\n<li>Coloproctologia<\\\/li>\\n\n\n<li>Fisiosexologia<\\\/li>\\n\n\n<li>Massatge Infantil (AEMI)<\\\/li>\\n\n\n<li>Indiba Activ Terapia<\\\/li>\\n\n\n<li>Fisioestetica<\\\/li>\\n\n\n<li>T\\u00e8cniques Miofascials<\\\/li>\\n\n\n<li>T\\u00e8cniques Manipulatives de columna i pelvis<\\\/li>\\n\n\n<li>T\\u00e8cniques de McKenzie<\\\/li>\\n\n\n<li>Embenats funcionals i terap\\u00e8utics<\\\/li>\\n<\\\/ul>\",\"margin\":\"large\",\"maxwidth\":\"xlarge\"}},{\"type\":\"text\",\"props\":{\"column_breakpoint\":\"m\",\"content\":\"\n\n<p>Experi\\u00e8ncia laboral en centres amb conveni amb m\\u00fatues de tr\\u00e0fic, m\\u00fatues privades , seguretat social domicili\\u00e0ria, Club Nataci\\u00f3 Sabadell, Club Minusv\\u00e0lids Horitz\\u00f3, Club Basquet Castellar i a Fisioter\\u00e0pia Mireia Vidal des del gener del 2007.<\\\/p>\",\"margin\":\"large\",\"maxwidth\":\"xlarge\"}},{\"type\":\"headline\",\"props\":{\"content\":\"Centre autoritzat pel Departament de Salut de la Generalitat de Catalunya\",\"title_element\":\"h1\",\"title_style\":\"h4\"}}]},{\"type\":\"column\",\"props\":{\"image\":\"wp-content\\\/uploads\\\/pattern.svg\",\"image_effect\":\"parallax\",\"image_parallax_bgy\":\"-60,-50\",\"image_parallax_easing\":\"1\",\"image_position\":\"bottom-left\",\"image_width\":\"350\",\"media_visibility\":\"m\",\"position_sticky_breakpoint\":\"m\",\"width_small\":\"1-2\"},\"children\":[{\"type\":\"image\",\"props\":{\"animation\":\"parallax\",\"image\":\"wp-content\\\/uploads\\\/2024\\\/05\\\/sobre_mi.jpg\",\"image_alt\":\"Foto de la Mireia Vidal a les instal\\u00b7lacions del seu centre de Fisioter\\u00e0pia\",\"image_svg_color\":\"emphasis\",\"image_width\":\"420\",\"margin\":\"\",\"parallax_breakpoint\":\"s\",\"parallax_easing\":\"1\",\"parallax_y\":\"-70,0\",\"text_align\":\"right\",\"text_align_breakpoint\":\"m\"}}]}]},{\"type\":\"row\",\"props\":{\"margin\":\"large\",\"margin_remove_bottom\":false},\"children\":[{\"type\":\"column\",\"props\":{\"image_position\":\"center-center\",\"position_sticky_breakpoint\":\"m\"},\"children\":[{\"type\":\"divider\",\"props\":{\"divider_element\":\"hr\",\"divider_style\":\"icon\"}}]}]}]}],\"version\":\"4.3.13\"} --><\/p>\n","protected":false},"excerpt":{"rendered":"<p>Mireia Vidal MEMBRE DEL Col.legi de Fisioterapeutes &#8211; N\u00ba de Col.legiada: 5770 Fisioterapeuta especialitzada en: Traumatologia Obstetr\u00edcia Uroginecologia Coloproctologia Fisiosexologia Massatge Infantil (AEMI) Indiba Activ Terapia Fisioestetica T\u00e8cniques Miofascials T\u00e8cniques Manipulatives de columna i pelvis T\u00e8cniques de McKenzie Embenats funcionals i terap\u00e8utics Experi\u00e8ncia laboral en centres amb conveni amb m\u00fatues de tr\u00e0fic, m\u00fatues privades , [&hellip;]<\/p>\n","protected":false},"author":1,"featured_media":0,"parent":0,"menu_order":0,"comment_status":"closed","ping_status":"closed","template":"","meta":{"footnotes":""},"class_list":["post-1099","page","type-page","status-publish","hentry"],"yoast_head":"<!-- This site is optimized with the Yoast SEO plugin v26.1.1 - https:\/\/yoast.com\/wordpress\/plugins\/seo\/ -->\n<title>Qui soc - Fisioter\u00e0pia Mireia Vidal<\/title>\n<meta name=\"robots\" content=\"index, follow, max-snippet:-1, max-image-preview:large, max-video-preview:-1\" \/>\n<link rel=\"canonical\" href=\"https:\/\/fisioterapiamireiavidal.com\/ca\/qui-soc\/\" \/>\n<meta property=\"og:locale\" content=\"ca_ES\" \/>\n<meta property=\"og:type\" content=\"article\" \/>\n<meta property=\"og:title\" content=\"Qui soc - Fisioter\u00e0pia Mireia Vidal\" \/>\n<meta property=\"og:description\" content=\"Mireia Vidal MEMBRE DEL Col.legi de Fisioterapeutes &#8211; N\u00ba de Col.legiada: 5770 Fisioterapeuta especialitzada en: Traumatologia Obstetr\u00edcia Uroginecologia Coloproctologia Fisiosexologia Massatge Infantil (AEMI) Indiba Activ Terapia Fisioestetica T\u00e8cniques Miofascials T\u00e8cniques Manipulatives de columna i pelvis T\u00e8cniques de McKenzie Embenats funcionals i terap\u00e8utics Experi\u00e8ncia laboral en centres amb conveni amb m\u00fatues de tr\u00e0fic, m\u00fatues privades , [&hellip;]\" \/>\n<meta property=\"og:url\" content=\"https:\/\/fisioterapiamireiavidal.com\/ca\/qui-soc\/\" \/>\n<meta property=\"og:site_name\" content=\"Fisioter\u00e0pia Mireia Vidal\" \/>\n<meta property=\"article:modified_time\" content=\"2024-05-16T11:21:04+00:00\" \/>\n<meta name=\"twitter:card\" content=\"summary_large_image\" \/>\n<script type=\"application\/ld+json\" class=\"yoast-schema-graph\">{\"@context\":\"https:\/\/schema.org\",\"@graph\":[{\"@type\":\"WebPage\",\"@id\":\"https:\/\/fisioterapiamireiavidal.com\/ca\/qui-soc\/\",\"url\":\"https:\/\/fisioterapiamireiavidal.com\/ca\/qui-soc\/\",\"name\":\"Qui soc - Fisioter\u00e0pia Mireia Vidal\",\"isPartOf\":{\"@id\":\"https:\/\/fisioterapiamireiavidal.com\/ca\/#website\"},\"datePublished\":\"2024-05-13T10:56:53+00:00\",\"dateModified\":\"2024-05-16T11:21:04+00:00\",\"breadcrumb\":{\"@id\":\"https:\/\/fisioterapiamireiavidal.com\/ca\/qui-soc\/#breadcrumb\"},\"inLanguage\":\"ca\",\"potentialAction\":[{\"@type\":\"ReadAction\",\"target\":[\"https:\/\/fisioterapiamireiavidal.com\/ca\/qui-soc\/\"]}]},{\"@type\":\"BreadcrumbList\",\"@id\":\"https:\/\/fisioterapiamireiavidal.com\/ca\/qui-soc\/#breadcrumb\",\"itemListElement\":[{\"@type\":\"ListItem\",\"position\":1,\"name\":\"Inici\",\"item\":\"https:\/\/fisioterapiamireiavidal.com\/ca\/\"},{\"@type\":\"ListItem\",\"position\":2,\"name\":\"Qui soc\"}]},{\"@type\":\"WebSite\",\"@id\":\"https:\/\/fisioterapiamireiavidal.com\/ca\/#website\",\"url\":\"https:\/\/fisioterapiamireiavidal.com\/ca\/\",\"name\":\"Fisioter\u00e0pia Mireia Vidal\",\"description\":\"Oferim tractaments personalitzats, ideats i duts a terme per fisioterapeutes col\u2022legiats.\",\"publisher\":{\"@id\":\"https:\/\/fisioterapiamireiavidal.com\/ca\/#organization\"},\"potentialAction\":[{\"@type\":\"SearchAction\",\"target\":{\"@type\":\"EntryPoint\",\"urlTemplate\":\"https:\/\/fisioterapiamireiavidal.com\/ca\/?s={search_term_string}\"},\"query-input\":{\"@type\":\"PropertyValueSpecification\",\"valueRequired\":true,\"valueName\":\"search_term_string\"}}],\"inLanguage\":\"ca\"},{\"@type\":\"Organization\",\"@id\":\"https:\/\/fisioterapiamireiavidal.com\/ca\/#organization\",\"name\":\"Fisioter\u00e0pia Mireia Vidal\",\"url\":\"https:\/\/fisioterapiamireiavidal.com\/ca\/\",\"logo\":{\"@type\":\"ImageObject\",\"inLanguage\":\"ca\",\"@id\":\"https:\/\/fisioterapiamireiavidal.com\/ca\/#\/schema\/logo\/image\/\",\"url\":\"https:\/\/fisioterapiamireiavidal.com\/wp-content\/uploads\/2024\/05\/logo_mireiavidal_vertical.svg\",\"contentUrl\":\"https:\/\/fisioterapiamireiavidal.com\/wp-content\/uploads\/2024\/05\/logo_mireiavidal_vertical.svg\",\"width\":1,\"height\":1,\"caption\":\"Fisioter\u00e0pia Mireia Vidal\"},\"image\":{\"@id\":\"https:\/\/fisioterapiamireiavidal.com\/ca\/#\/schema\/logo\/image\/\"}}]}<\/script>\n<!-- \/ Yoast SEO plugin. -->","yoast_head_json":{"title":"Qui soc - Fisioter\u00e0pia Mireia Vidal","robots":{"index":"index","follow":"follow","max-snippet":"max-snippet:-1","max-image-preview":"max-image-preview:large","max-video-preview":"max-video-preview:-1"},"canonical":"https:\/\/fisioterapiamireiavidal.com\/ca\/qui-soc\/","og_locale":"ca_ES","og_type":"article","og_title":"Qui soc - Fisioter\u00e0pia Mireia Vidal","og_description":"Mireia Vidal MEMBRE DEL Col.legi de Fisioterapeutes &#8211; N\u00ba de Col.legiada: 5770 Fisioterapeuta especialitzada en: Traumatologia Obstetr\u00edcia Uroginecologia Coloproctologia Fisiosexologia Massatge Infantil (AEMI) Indiba Activ Terapia Fisioestetica T\u00e8cniques Miofascials T\u00e8cniques Manipulatives de columna i pelvis T\u00e8cniques de McKenzie Embenats funcionals i terap\u00e8utics Experi\u00e8ncia laboral en centres amb conveni amb m\u00fatues de tr\u00e0fic, m\u00fatues privades , [&hellip;]","og_url":"https:\/\/fisioterapiamireiavidal.com\/ca\/qui-soc\/","og_site_name":"Fisioter\u00e0pia Mireia Vidal","article_modified_time":"2024-05-16T11:21:04+00:00","twitter_card":"summary_large_image","schema":{"@context":"https:\/\/schema.org","@graph":[{"@type":"WebPage","@id":"https:\/\/fisioterapiamireiavidal.com\/ca\/qui-soc\/","url":"https:\/\/fisioterapiamireiavidal.com\/ca\/qui-soc\/","name":"Qui soc - Fisioter\u00e0pia Mireia Vidal","isPartOf":{"@id":"https:\/\/fisioterapiamireiavidal.com\/ca\/#website"},"datePublished":"2024-05-13T10:56:53+00:00","dateModified":"2024-05-16T11:21:04+00:00","breadcrumb":{"@id":"https:\/\/fisioterapiamireiavidal.com\/ca\/qui-soc\/#breadcrumb"},"inLanguage":"ca","potentialAction":[{"@type":"ReadAction","target":["https:\/\/fisioterapiamireiavidal.com\/ca\/qui-soc\/"]}]},{"@type":"BreadcrumbList","@id":"https:\/\/fisioterapiamireiavidal.com\/ca\/qui-soc\/#breadcrumb","itemListElement":[{"@type":"ListItem","position":1,"name":"Inici","item":"https:\/\/fisioterapiamireiavidal.com\/ca\/"},{"@type":"ListItem","position":2,"name":"Qui soc"}]},{"@type":"WebSite","@id":"https:\/\/fisioterapiamireiavidal.com\/ca\/#website","url":"https:\/\/fisioterapiamireiavidal.com\/ca\/","name":"Fisioter\u00e0pia Mireia Vidal","description":"Oferim tractaments personalitzats, ideats i duts a terme per fisioterapeutes col\u2022legiats.","publisher":{"@id":"https:\/\/fisioterapiamireiavidal.com\/ca\/#organization"},"potentialAction":[{"@type":"SearchAction","target":{"@type":"EntryPoint","urlTemplate":"https:\/\/fisioterapiamireiavidal.com\/ca\/?s={search_term_string}"},"query-input":{"@type":"PropertyValueSpecification","valueRequired":true,"valueName":"search_term_string"}}],"inLanguage":"ca"},{"@type":"Organization","@id":"https:\/\/fisioterapiamireiavidal.com\/ca\/#organization","name":"Fisioter\u00e0pia Mireia Vidal","url":"https:\/\/fisioterapiamireiavidal.com\/ca\/","logo":{"@type":"ImageObject","inLanguage":"ca","@id":"https:\/\/fisioterapiamireiavidal.com\/ca\/#\/schema\/logo\/image\/","url":"https:\/\/fisioterapiamireiavidal.com\/wp-content\/uploads\/2024\/05\/logo_mireiavidal_vertical.svg","contentUrl":"https:\/\/fisioterapiamireiavidal.com\/wp-content\/uploads\/2024\/05\/logo_mireiavidal_vertical.svg","width":1,"height":1,"caption":"Fisioter\u00e0pia Mireia Vidal"},"image":{"@id":"https:\/\/fisioterapiamireiavidal.com\/ca\/#\/schema\/logo\/image\/"}}]}},"_links":{"self":[{"href":"https:\/\/fisioterapiamireiavidal.com\/ca\/wp-json\/wp\/v2\/pages\/1099","targetHints":{"allow":["GET"]}}],"collection":[{"href":"https:\/\/fisioterapiamireiavidal.com\/ca\/wp-json\/wp\/v2\/pages"}],"about":[{"href":"https:\/\/fisioterapiamireiavidal.com\/ca\/wp-json\/wp\/v2\/types\/page"}],"author":[{"embeddable":true,"href":"https:\/\/fisioterapiamireiavidal.com\/ca\/wp-json\/wp\/v2\/users\/1"}],"replies":[{"embeddable":true,"href":"https:\/\/fisioterapiamireiavidal.com\/ca\/wp-json\/wp\/v2\/comments?post=1099"}],"version-history":[{"count":17,"href":"https:\/\/fisioterapiamireiavidal.com\/ca\/wp-json\/wp\/v2\/pages\/1099\/revisions"}],"predecessor-version":[{"id":1656,"href":"https:\/\/fisioterapiamireiavidal.com\/ca\/wp-json\/wp\/v2\/pages\/1099\/revisions\/1656"}],"wp:attachment":[{"href":"https:\/\/fisioterapiamireiavidal.com\/ca\/wp-json\/wp\/v2\/media?parent=1099"}],"curies":[{"name":"wp","href":"https:\/\/api.w.org\/{rel}","templated":true}]}}